{"id":1939,"date":"2019-09-23T06:34:37","date_gmt":"2019-09-23T06:34:37","guid":{"rendered":"http:\/\/192.168.31.168\/panel\/xpeedstudio\/wp\/exhibz\/?page_id=1939"},"modified":"2026-07-10T23:44:45","modified_gmt":"2026-07-10T21:44:45","slug":"aktuality","status":"publish","type":"page","link":"https:\/\/guitarcz.com\/en\/","title":{"rendered":"Mezin\u00e1rodn\u00ed kytarov\u00fd festival"},"content":{"rendered":"<div data-elementor-type=\"wp-post\" data-elementor-id=\"1939\" class=\"elementor elementor-1939\" data-elementor-post-type=\"page\">\n\t\t\t\t<div class=\"elementor-element elementor-element-ed91e44 food-main-banner e-flex e-con-boxed e-con e-parent\" data-id=\"ed91e44\" data-element_type=\"container\" data-e-type=\"container\" data-settings=\"{&quot;background_background&quot;:&quot;classic&quot;}\">\n\t\t\t\t\t<div class=\"e-con-inner\">\n\t\t<div class=\"elementor-element elementor-element-d596c2e e-con-full e-flex e-con e-child\" data-id=\"d596c2e\" data-element_type=\"container\" data-e-type=\"container\">\n\t\t<div class=\"elementor-element elementor-element-63c652b e-con-full e-flex e-con e-child\" data-id=\"63c652b\" data-element_type=\"container\" data-e-type=\"container\">\n\t\t<div class=\"elementor-element elementor-element-fee07e9 e-con-full elementor-hidden-tablet elementor-hidden-mobile e-flex e-con e-child\" data-id=\"fee07e9\" data-element_type=\"container\" data-e-type=\"container\">\n\t\t\t\t<div class=\"elementor-element elementor-element-924bd21 elementor-widget elementor-widget-image\" data-id=\"924bd21\" data-element_type=\"widget\" data-e-type=\"widget\" data-settings=\"{&quot;ekit_we_effect_on&quot;:&quot;none&quot;}\" data-widget_type=\"image.default\">\n\t\t\t\t<div class=\"elementor-widget-container\">\n\t\t\t\t\t\t\t\t\t\t\t\t\t\t\t<img decoding=\"async\" width=\"70\" height=\"45\" src=\"https:\/\/guitarcz.com\/wp-content\/uploads\/2019\/09\/text_elements4.png\" class=\"attachment-full size-full wp-image-1968\" alt=\"\" \/>\t\t\t\t\t\t\t\t\t\t\t\t\t\t\t<\/div>\n\t\t\t\t<\/div>\n\t\t\t\t<\/div>\n\t\t<div class=\"elementor-element elementor-element-5a38da6 e-con-full e-flex e-con e-child\" data-id=\"5a38da6\" data-element_type=\"container\" data-e-type=\"container\">\n\t\t\t\t<div class=\"elementor-element elementor-element-741a76a elementor-widget elementor-widget-heading\" data-id=\"741a76a\" data-element_type=\"widget\" data-e-type=\"widget\" data-settings=\"{&quot;ekit_we_effect_on&quot;:&quot;none&quot;}\" data-widget_type=\"heading.default\">\n\t\t\t\t<div class=\"elementor-widget-container\">\n\t\t\t\t\t<span class=\"elementor-heading-title elementor-size-default\">35.<\/span>\t\t\t\t<\/div>\n\t\t\t\t<\/div>\n\t\t\t\t<\/div>\n\t\t<div class=\"elementor-element elementor-element-f14a64e e-con-full elementor-hidden-tablet elementor-hidden-mobile e-flex e-con e-child\" data-id=\"f14a64e\" data-element_type=\"container\" data-e-type=\"container\">\n\t\t\t\t<div class=\"elementor-element elementor-element-0219105 elementor-widget elementor-widget-image\" data-id=\"0219105\" data-element_type=\"widget\" data-e-type=\"widget\" data-settings=\"{&quot;ekit_we_effect_on&quot;:&quot;none&quot;}\" data-widget_type=\"image.default\">\n\t\t\t\t<div class=\"elementor-widget-container\">\n\t\t\t\t\t\t\t\t\t\t\t\t\t\t\t<img decoding=\"async\" width=\"71\" height=\"45\" src=\"https:\/\/guitarcz.com\/wp-content\/uploads\/2019\/09\/text_elements3.png\" class=\"attachment-full size-full wp-image-1967\" alt=\"\" \/>\t\t\t\t\t\t\t\t\t\t\t\t\t\t\t<\/div>\n\t\t\t\t<\/div>\n\t\t\t\t<\/div>\n\t\t\t\t<\/div>\n\t\t<div class=\"elementor-element elementor-element-957076c e-con-full e-flex e-con e-child\" data-id=\"957076c\" data-element_type=\"container\" data-e-type=\"container\">\n\t\t<div class=\"elementor-element elementor-element-f508aac e-con-full e-flex e-con e-child\" data-id=\"f508aac\" data-element_type=\"container\" data-e-type=\"container\">\n\t\t\t\t<div class=\"elementor-element elementor-element-f065072 elementor-widget elementor-widget-heading\" data-id=\"f065072\" data-element_type=\"widget\" data-e-type=\"widget\" data-settings=\"{&quot;ekit_we_effect_on&quot;:&quot;none&quot;}\" data-widget_type=\"heading.default\">\n\t\t\t\t<div class=\"elementor-widget-container\">\n\t\t\t\t\t<h2 class=\"elementor-heading-title elementor-size-default\">INTERNATIONAL<\/h2>\t\t\t\t<\/div>\n\t\t\t\t<\/div>\n\t\t\t\t<\/div>\n\t\t\t\t<\/div>\n\t\t<div class=\"elementor-element elementor-element-7644b8e e-con-full e-flex e-con e-child\" data-id=\"7644b8e\" data-element_type=\"container\" data-e-type=\"container\">\n\t\t<div class=\"elementor-element elementor-element-5de6e5b e-con-full e-flex e-con e-child\" data-id=\"5de6e5b\" data-element_type=\"container\" data-e-type=\"container\">\n\t\t\t\t<div class=\"elementor-element elementor-element-b151ff3 elementor-widget elementor-widget-heading\" data-id=\"b151ff3\" data-element_type=\"widget\" data-e-type=\"widget\" data-settings=\"{&quot;ekit_we_effect_on&quot;:&quot;none&quot;}\" data-widget_type=\"heading.default\">\n\t\t\t\t<div class=\"elementor-widget-container\">\n\t\t\t\t\t<h2 class=\"elementor-heading-title elementor-size-default\">GUITAR FESTIVAL BRNO\u00b426<\/h2>\t\t\t\t<\/div>\n\t\t\t\t<\/div>\n\t\t\t\t<\/div>\n\t\t\t\t<\/div>\n\t\t<div class=\"elementor-element elementor-element-bb3080a e-con-full e-flex e-con e-child\" data-id=\"bb3080a\" data-element_type=\"container\" data-e-type=\"container\">\n\t\t<div class=\"elementor-element elementor-element-2d96d04 e-con-full e-flex e-con e-child\" data-id=\"2d96d04\" data-element_type=\"container\" data-e-type=\"container\">\n\t\t\t\t<div class=\"elementor-element elementor-element-17f9290 elementor-icon-list--layout-inline elementor-align-center elementor-list-item-link-full_width elementor-widget elementor-widget-icon-list\" data-id=\"17f9290\" data-element_type=\"widget\" data-e-type=\"widget\" data-settings=\"{&quot;ekit_we_effect_on&quot;:&quot;none&quot;}\" data-widget_type=\"icon-list.default\">\n\t\t\t\t<div class=\"elementor-widget-container\">\n\t\t\t\t\t\t\t<ul class=\"elementor-icon-list-items elementor-inline-items\">\n\t\t\t\t\t\t\t<li class=\"elementor-icon-list-item elementor-inline-item\">\n\t\t\t\t\t\t\t\t\t\t\t<span class=\"elementor-icon-list-icon\">\n\t\t\t\t\t\t\t<i aria-hidden=\"true\" class=\"far fa-calendar-plus\"><\/i>\t\t\t\t\t\t<\/span>\n\t\t\t\t\t\t\t\t\t\t<span class=\"elementor-icon-list-text\">2. 8. - 8. 8. 2026<\/span>\n\t\t\t\t\t\t\t\t\t<\/li>\n\t\t\t\t\t\t\t\t<li class=\"elementor-icon-list-item elementor-inline-item\">\n\t\t\t\t\t\t\t\t\t\t\t<span class=\"elementor-icon-list-icon\">\n\t\t\t\t\t\t\t<i aria-hidden=\"true\" class=\"fasicon icon-apartment\"><\/i>\t\t\t\t\t\t<\/span>\n\t\t\t\t\t\t\t\t\t\t<span class=\"elementor-icon-list-text\">Brno, Czech Republic<\/span>\n\t\t\t\t\t\t\t\t\t<\/li>\n\t\t\t\t\t\t<\/ul>\n\t\t\t\t\t\t<\/div>\n\t\t\t\t<\/div>\n\t\t\t\t<\/div>\n\t\t\t\t<\/div>\n\t\t<div class=\"elementor-element elementor-element-41f528c e-con-full e-flex e-con e-child\" data-id=\"41f528c\" data-element_type=\"container\" data-e-type=\"container\">\n\t\t<div class=\"elementor-element elementor-element-b57d6d2 e-con-full e-flex e-con e-child\" data-id=\"b57d6d2\" data-element_type=\"container\" data-e-type=\"container\">\n\t\t\t\t<div class=\"elementor-element elementor-element-07b059e elementor-icon-list--layout-inline elementor-align-center elementor-list-item-link-full_width elementor-widget elementor-widget-icon-list\" data-id=\"07b059e\" data-element_type=\"widget\" data-e-type=\"widget\" data-settings=\"{&quot;ekit_we_effect_on&quot;:&quot;none&quot;}\" data-widget_type=\"icon-list.default\">\n\t\t\t\t<div class=\"elementor-widget-container\">\n\t\t\t\t\t\t\t<ul class=\"elementor-icon-list-items elementor-inline-items\">\n\t\t\t\t\t\t\t<li class=\"elementor-icon-list-item elementor-inline-item\">\n\t\t\t\t\t\t\t\t\t\t\t<span class=\"elementor-icon-list-icon\">\n\t\t\t\t\t\t\t<i aria-hidden=\"true\" class=\"far fa-calendar-plus\"><\/i>\t\t\t\t\t\t<\/span>\n\t\t\t\t\t\t\t\t\t\t<span class=\"elementor-icon-list-text\">August 2<sup>nd<\/sup> \u2013 8<sup>th<\/sup>, 2026 <\/span>\n\t\t\t\t\t\t\t\t\t<\/li>\n\t\t\t\t\t\t<\/ul>\n\t\t\t\t\t\t<\/div>\n\t\t\t\t<\/div>\n\t\t\t\t<\/div>\n\t\t\t\t<\/div>\n\t\t\t\t<\/div>\n\t\t\t\t\t<\/div>\n\t\t\t\t<\/div>\n\t\t\t\t<section class=\"elementor-section elementor-top-section elementor-element elementor-element-e23f6a4 elementor-section-boxed elementor-section-height-default elementor-section-height-default\" data-id=\"e23f6a4\" data-element_type=\"section\" data-e-type=\"section\" data-settings=\"{&quot;background_background&quot;:&quot;classic&quot;}\">\n\t\t\t\t\t\t<div class=\"elementor-container elementor-column-gap-default\">\n\t\t\t\t\t<div class=\"elementor-column elementor-col-33 elementor-top-column elementor-element elementor-element-701748d\" data-id=\"701748d\" data-element_type=\"column\" data-e-type=\"column\">\n\t\t\t<div class=\"elementor-widget-wrap elementor-element-populated\">\n\t\t\t\t\t\t<div class=\"elementor-element elementor-element-cada5c3 elementor-widget elementor-widget-image\" data-id=\"cada5c3\" data-element_type=\"widget\" data-e-type=\"widget\" data-settings=\"{&quot;ekit_we_effect_on&quot;:&quot;none&quot;}\" data-widget_type=\"image.default\">\n\t\t\t\t<div class=\"elementor-widget-container\">\n\t\t\t\t\t\t\t\t\t\t\t\t\t\t\t<img fetchpriority=\"high\" decoding=\"async\" width=\"800\" height=\"600\" src=\"https:\/\/guitarcz.com\/wp-content\/uploads\/2021\/05\/koncerty-1024x768.png\" class=\"attachment-large size-large wp-image-2939\" alt=\"\" srcset=\"https:\/\/guitarcz.com\/wp-content\/uploads\/2021\/05\/koncerty-1024x768.png 1024w, https:\/\/guitarcz.com\/wp-content\/uploads\/2021\/05\/koncerty-300x225.png 300w, https:\/\/guitarcz.com\/wp-content\/uploads\/2021\/05\/koncerty-768x576.png 768w, https:\/\/guitarcz.com\/wp-content\/uploads\/2021\/05\/koncerty-1536x1152.png 1536w, https:\/\/guitarcz.com\/wp-content\/uploads\/2021\/05\/koncerty-16x12.png 16w, https:\/\/guitarcz.com\/wp-content\/uploads\/2021\/05\/koncerty.png 1600w\" sizes=\"(max-width: 800px) 100vw, 800px\" \/>\t\t\t\t\t\t\t\t\t\t\t\t\t\t\t<\/div>\n\t\t\t\t<\/div>\n\t\t\t\t\t<\/div>\n\t\t<\/div>\n\t\t\t\t<div class=\"elementor-column elementor-col-33 elementor-top-column elementor-element elementor-element-ead80bf\" data-id=\"ead80bf\" data-element_type=\"column\" data-e-type=\"column\">\n\t\t\t<div class=\"elementor-widget-wrap elementor-element-populated\">\n\t\t\t\t\t\t<div class=\"elementor-element elementor-element-5ad6341 elementor-widget elementor-widget-image\" data-id=\"5ad6341\" data-element_type=\"widget\" data-e-type=\"widget\" data-settings=\"{&quot;ekit_we_effect_on&quot;:&quot;none&quot;}\" data-widget_type=\"image.default\">\n\t\t\t\t<div class=\"elementor-widget-container\">\n\t\t\t\t\t\t\t\t\t\t\t\t\t\t\t\t<a href=\"https:\/\/guitarcz.com\/en\/guitartalent\/\">\n\t\t\t\t\t\t\t<img loading=\"lazy\" decoding=\"async\" width=\"519\" height=\"391\" src=\"https:\/\/guitarcz.com\/wp-content\/uploads\/2025\/05\/soutezz.png\" class=\"attachment-large size-large wp-image-4459\" alt=\"\" srcset=\"https:\/\/guitarcz.com\/wp-content\/uploads\/2025\/05\/soutezz.png 519w, https:\/\/guitarcz.com\/wp-content\/uploads\/2025\/05\/soutezz-300x226.png 300w, https:\/\/guitarcz.com\/wp-content\/uploads\/2025\/05\/soutezz-16x12.png 16w\" sizes=\"(max-width: 519px) 100vw, 519px\" \/>\t\t\t\t\t\t\t\t<\/a>\n\t\t\t\t\t\t\t\t\t\t\t\t\t\t\t<\/div>\n\t\t\t\t<\/div>\n\t\t\t\t\t<\/div>\n\t\t<\/div>\n\t\t\t\t<div class=\"elementor-column elementor-col-33 elementor-top-column elementor-element elementor-element-6eb9578\" data-id=\"6eb9578\" data-element_type=\"column\" data-e-type=\"column\">\n\t\t\t<div class=\"elementor-widget-wrap elementor-element-populated\">\n\t\t\t\t\t\t<div class=\"elementor-element elementor-element-2521c14 elementor-widget elementor-widget-image\" data-id=\"2521c14\" data-element_type=\"widget\" data-e-type=\"widget\" data-settings=\"{&quot;ekit_we_effect_on&quot;:&quot;none&quot;}\" data-widget_type=\"image.default\">\n\t\t\t\t<div class=\"elementor-widget-container\">\n\t\t\t\t\t\t\t\t\t\t\t\t\t\t\t\t<a href=\"#koncerty\">\n\t\t\t\t\t\t\t<img loading=\"lazy\" decoding=\"async\" width=\"522\" height=\"391\" src=\"https:\/\/guitarcz.com\/wp-content\/uploads\/2025\/05\/kurzy.png\" class=\"attachment-large size-large wp-image-4460\" alt=\"\" srcset=\"https:\/\/guitarcz.com\/wp-content\/uploads\/2025\/05\/kurzy.png 522w, https:\/\/guitarcz.com\/wp-content\/uploads\/2025\/05\/kurzy-300x225.png 300w, https:\/\/guitarcz.com\/wp-content\/uploads\/2025\/05\/kurzy-16x12.png 16w\" sizes=\"(max-width: 522px) 100vw, 522px\" \/>\t\t\t\t\t\t\t\t<\/a>\n\t\t\t\t\t\t\t\t\t\t\t\t\t\t\t<\/div>\n\t\t\t\t<\/div>\n\t\t\t\t\t<\/div>\n\t\t<\/div>\n\t\t\t\t\t<\/div>\n\t\t<\/section>\n\t\t<div class=\"elementor-element elementor-element-bd38bc8 e-flex e-con-boxed e-con e-parent\" data-id=\"bd38bc8\" data-element_type=\"container\" data-e-type=\"container\">\n\t\t\t\t\t<div class=\"e-con-inner\">\n\t\t<div class=\"elementor-element elementor-element-7803e4f e-con-full e-flex e-con e-child\" data-id=\"7803e4f\" data-element_type=\"container\" data-e-type=\"container\">\n\t\t<div class=\"elementor-element elementor-element-86be117 e-con-full e-flex e-con e-child\" data-id=\"86be117\" data-element_type=\"container\" data-e-type=\"container\">\n\t\t\t\t<div class=\"elementor-element elementor-element-921cbef elementor-widget elementor-widget-image\" data-id=\"921cbef\" data-element_type=\"widget\" data-e-type=\"widget\" data-settings=\"{&quot;ekit_we_effect_on&quot;:&quot;none&quot;}\" data-widget_type=\"image.default\">\n\t\t\t\t<div class=\"elementor-widget-container\">\n\t\t\t\t\t\t\t\t\t\t\t\t\t\t\t\t<a href=\"https:\/\/guitarcz.com\/wp-content\/uploads\/2026\/07\/Plakat-CZ-web.jpg\" data-elementor-open-lightbox=\"yes\" data-elementor-lightbox-title=\"35. Mezin\u00e1rodn\u00ed kytarov\u00fd festival Brno 2026\" data-e-action-hash=\"#elementor-action%3Aaction%3Dlightbox%26settings%3DeyJpZCI6NTE1NiwidXJsIjoiaHR0cHM6XC9cL2d1aXRhcmN6LmNvbVwvd3AtY29udGVudFwvdXBsb2Fkc1wvMjAyNlwvMDdcL1BsYWthdC1DWi13ZWIuanBnIn0%3D\">\n\t\t\t\t\t\t\t<img loading=\"lazy\" decoding=\"async\" width=\"1200\" height=\"1692\" src=\"https:\/\/guitarcz.com\/wp-content\/uploads\/2026\/07\/Plakat-CZ-web.jpg\" class=\"attachment-2048x2048 size-2048x2048 wp-image-5156\" alt=\"\" srcset=\"https:\/\/guitarcz.com\/wp-content\/uploads\/2026\/07\/Plakat-CZ-web.jpg 1200w, https:\/\/guitarcz.com\/wp-content\/uploads\/2026\/07\/Plakat-CZ-web-213x300.jpg 213w, https:\/\/guitarcz.com\/wp-content\/uploads\/2026\/07\/Plakat-CZ-web-726x1024.jpg 726w, https:\/\/guitarcz.com\/wp-content\/uploads\/2026\/07\/Plakat-CZ-web-768x1083.jpg 768w, https:\/\/guitarcz.com\/wp-content\/uploads\/2026\/07\/Plakat-CZ-web-1089x1536.jpg 1089w, https:\/\/guitarcz.com\/wp-content\/uploads\/2026\/07\/Plakat-CZ-web-9x12.jpg 9w\" sizes=\"(max-width: 1200px) 100vw, 1200px\" \/>\t\t\t\t\t\t\t\t<\/a>\n\t\t\t\t\t\t\t\t\t\t\t\t\t\t\t<\/div>\n\t\t\t\t<\/div>\n\t\t\t\t<\/div>\n\t\t<div class=\"elementor-element elementor-element-4b4697b e-con-full e-flex e-con e-child\" data-id=\"4b4697b\" data-element_type=\"container\" data-e-type=\"container\">\n\t\t\t\t<div class=\"elementor-element elementor-element-7350508 elementor-widget elementor-widget-image\" data-id=\"7350508\" data-element_type=\"widget\" data-e-type=\"widget\" data-settings=\"{&quot;ekit_we_effect_on&quot;:&quot;none&quot;}\" data-widget_type=\"image.default\">\n\t\t\t\t<div class=\"elementor-widget-container\">\n\t\t\t\t\t\t\t\t\t\t\t\t\t\t\t\t<a href=\"https:\/\/guitarcz.com\/wp-content\/uploads\/2026\/07\/Plakat-AN-web.jpg\" data-elementor-open-lightbox=\"yes\" data-elementor-lightbox-title=\"Plak\u00e1t-AN-web\" data-e-action-hash=\"#elementor-action%3Aaction%3Dlightbox%26settings%3DeyJpZCI6NTI1MSwidXJsIjoiaHR0cHM6XC9cL2d1aXRhcmN6LmNvbVwvd3AtY29udGVudFwvdXBsb2Fkc1wvMjAyNlwvMDdcL1BsYWthdC1BTi13ZWIuanBnIn0%3D\">\n\t\t\t\t\t\t\t<img loading=\"lazy\" decoding=\"async\" width=\"1200\" height=\"1694\" src=\"https:\/\/guitarcz.com\/wp-content\/uploads\/2026\/07\/Plakat-AN-web.jpg\" class=\"attachment-2048x2048 size-2048x2048 wp-image-5251\" alt=\"\" srcset=\"https:\/\/guitarcz.com\/wp-content\/uploads\/2026\/07\/Plakat-AN-web.jpg 1200w, https:\/\/guitarcz.com\/wp-content\/uploads\/2026\/07\/Plakat-AN-web-213x300.jpg 213w, https:\/\/guitarcz.com\/wp-content\/uploads\/2026\/07\/Plakat-AN-web-725x1024.jpg 725w, https:\/\/guitarcz.com\/wp-content\/uploads\/2026\/07\/Plakat-AN-web-768x1084.jpg 768w, https:\/\/guitarcz.com\/wp-content\/uploads\/2026\/07\/Plakat-AN-web-1088x1536.jpg 1088w, https:\/\/guitarcz.com\/wp-content\/uploads\/2026\/07\/Plakat-AN-web-9x12.jpg 9w\" sizes=\"(max-width: 1200px) 100vw, 1200px\" \/>\t\t\t\t\t\t\t\t<\/a>\n\t\t\t\t\t\t\t\t\t\t\t\t\t\t\t<\/div>\n\t\t\t\t<\/div>\n\t\t\t\t<\/div>\n\t\t\t\t<\/div>\n\t\t\t\t\t<\/div>\n\t\t\t\t<\/div>\n\t\t\t\t<section class=\"elementor-section elementor-top-section elementor-element elementor-element-a6e2d04 elementor-section-boxed elementor-section-height-default elementor-section-height-default\" data-id=\"a6e2d04\" data-element_type=\"section\" data-e-type=\"section\" id=\"koncerty\">\n\t\t\t\t\t\t<div class=\"elementor-container elementor-column-gap-default\">\n\t\t\t\t\t<div class=\"elementor-column elementor-col-100 elementor-top-column elementor-element elementor-element-bd7f305\" data-id=\"bd7f305\" data-element_type=\"column\" data-e-type=\"column\">\n\t\t\t<div class=\"elementor-widget-wrap elementor-element-populated\">\n\t\t\t\t\t\t<div class=\"elementor-element elementor-element-f3d563f elementor-widget elementor-widget-exhibz-title\" data-id=\"f3d563f\" data-element_type=\"widget\" data-e-type=\"widget\" data-settings=\"{&quot;ekit_we_effect_on&quot;:&quot;none&quot;}\" data-widget_type=\"exhibz-title.default\">\n\t\t\t\t<div class=\"elementor-widget-container\">\n\t\t\t\t\t\n    <div class=\"title-section-area\">\n        <h2 class=\"section-title\">\n            <span class=\"sub-title\"><\/span>\n\t\t\tConcerts        <\/h2>\n\t\t                    <span class=\"title-shape\">\n                  <svg xmlns='http:\/\/www.w3.org\/2000\/svg' xmlns:xlink='http:\/\/www.w3.org\/1999\/xlink' width='71px' height='11px'> <path fill-rule='evenodd' d='M59.669,10.710 L49.164,3.306 L39.428,10.681 L29.714,3.322 L20.006,10.682 L10.295,3.322 L1.185,10.228 L-0.010,8.578 L10.295,0.765 L20.006,8.125 L29.714,0.765 L39.428,8.125 L49.122,0.781 L59.680,8.223 L69.858,1.192 L70.982,2.895 L59.669,10.710 Z'\/><\/svg>\n            <\/span>\n                    <\/div><!-- Section title -->\n    \n    \n\n    \t\t\t\t<\/div>\n\t\t\t\t<\/div>\n\t\t\t\t\t<\/div>\n\t\t<\/div>\n\t\t\t\t\t<\/div>\n\t\t<\/section>\n\t\t\t\t<section class=\"elementor-section elementor-top-section elementor-element elementor-element-314802e elementor-section-full_width elementor-section-height-default elementor-section-height-default\" data-id=\"314802e\" data-element_type=\"section\" data-e-type=\"section\">\n\t\t\t\t\t\t<div class=\"elementor-container elementor-column-gap-default\">\n\t\t\t\t\t<div class=\"elementor-column elementor-col-100 elementor-top-column elementor-element elementor-element-e8a0ff1\" data-id=\"e8a0ff1\" data-element_type=\"column\" data-e-type=\"column\">\n\t\t\t<div class=\"elementor-widget-wrap elementor-element-populated\">\n\t\t\t\t\t\t<div class=\"elementor-element elementor-element-aeb3db9 elementor-widget elementor-widget-html\" data-id=\"aeb3db9\" data-element_type=\"widget\" data-e-type=\"widget\" data-settings=\"{&quot;ekit_we_effect_on&quot;:&quot;none&quot;}\" data-widget_type=\"html.default\">\n\t\t\t\t<div class=\"elementor-widget-container\">\n\t\t\t\t\t<div class=\"fest-wrapper\">\n  <a href=\"https:\/\/www.ticketportal.cz\/event\/35-KYTAROVY-FESTIVAL-BRNO-2026\" target=\"_blank\" class=\"fest-btn-v1\">\n    <span class=\"fest-badge-v1\">Ticket Presale<\/span>\n    <span class=\"fest-text-v1\">At Ticketportal.cz <span class=\"fest-arrow-v1\">\u2794<\/span><\/span>\n  <\/a>\n<\/div>\n\n<style>\n\/* Kontejner, kter\u00fd se postar\u00e1 o perfektn\u00ed vycentrov\u00e1n\u00ed na st\u0159ed *\/\n.fest-wrapper {\n  display: flex;\n  justify-content: center;\n  align-items: center;\n  width: 100%;\n  margin: 25px 0;\n  clear: both;\n}\n\n.fest-btn-v1 {\n  display: inline-block;\n  position: relative;\n  background-color: #B48B4E; \/* Zlat\u00e9 pozad\u00ed *\/\n  border: 2px solid #B48B4E;\n  padding: 18px 32px;\n  border-radius: 4px;\n  text-decoration: none;\n  font-family: inherit;\n  transition: all 0.3s ease;\n  text-align: center;\n  box-shadow: 0 4px 10px rgba(180, 139, 78, 0.2);\n  max-width: 90%; \/* Bezpe\u010dn\u00e9 okraje na hodn\u011b mal\u00fdch mobilech *\/\n  box-sizing: border-box;\n}\n\n\/* \u0160t\u00edtek nad tla\u010d\u00edtkem *\/\n.fest-badge-v1 {\n  position: absolute;\n  top: -13px;\n  left: 50%;\n  transform: translateX(-50%);\n  background-color: #FDFBF7;\n  color: #B48B4E;\n  border: 1px solid #B48B4E;\n  font-size: 11.5px;\n  font-weight: 800;\n  text-transform: uppercase;\n  letter-spacing: 0.8px;\n  padding: 2px 12px;\n  border-radius: 12px;\n  white-space: nowrap;\n}\n\n\/* Hlavn\u00ed text *\/\n.fest-text-v1 {\n  color: #FDFBF7;\n  font-size: 15px;\n  font-weight: 600;\n  display: inline-flex;\n  align-items: center;\n  justify-content: center;\n  margin-top: 2px;\n}\n\n\/* Animovan\u00e1 \u0161ipka *\/\n.fest-arrow-v1 {\n  margin-left: 8px;\n  display: inline-block;\n  animation: pushArrow 1.5s infinite ease-in-out;\n}\n\n\/* Hover efekty *\/\n.fest-btn-v1:hover {\n  background-color: #FDFBF7;\n  border-color: #B48B4E;\n  box-shadow: 0 6px 15px rgba(180, 139, 78, 0.35);\n}\n\n.fest-btn-v1:hover .fest-text-v1 {\n  color: #B48B4E;\n}\n\n\/* Mobiln\u00ed optimalizace *\/\n@media (max-width: 480px) {\n  .fest-btn-v1 {\n    padding: 16px 20px; \/* Men\u0161\u00ed vnit\u0159n\u00ed okraje pro \u00fazk\u00e9 displeje *\/\n  }\n  .fest-text-v1 {\n    font-size: 14px; \/* O chloupek men\u0161\u00ed p\u00edsmo pro mobily *\/\n  }\n}\n\n\/* Animace \u0161ipky *\/\n@keyframes pushArrow {\n  0%, 100% { transform: translateX(0); }\n  50% { transform: translateX(4px); }\n}\n<\/style>\t\t\t\t<\/div>\n\t\t\t\t<\/div>\n\t\t\t\t<div class=\"elementor-element elementor-element-2e83160 elementor-widget__width-initial elementor-widget-mobile__width-inherit elementor-widget elementor-widget-exhibz-schedule\" data-id=\"2e83160\" data-element_type=\"widget\" data-e-type=\"widget\" data-settings=\"{&quot;ekit_we_effect_on&quot;:&quot;none&quot;}\" data-widget_type=\"exhibz-schedule.default\">\n\t\t\t\t<div class=\"elementor-widget-container\">\n\t\t\t\t\t\n<section class=\"ts-schedule\">\n    <div class=\"container\">\n        <div class=\"row\">\n\n            <!-- col end-->\n            <div class=\"col-lg-12 wow fadeInUp\" data-wow-duration=\"1.5s\" data-wow-delay=\"500ms\">\n                <div class=\"ts-schedule-nav\">\n                    <ul class=\"nav nav-tabs justify-content-center\" role=\"tablist\">\n\t\t\t\t\t\t\t\t\t\t\t\t\t                                <li class=\"nav-item\" role=\"presentation\">\n                                    <a class=\"active\" title=\"2.8\"\n                                       href=\"#date2e831601\" role=\"tab\"\n                                       data-toggle=\"tab\">\n                                        <h3>2.8<\/h3>\n\t\t\t\t\t\t\t\t\t\t                                            <span>Sunday<\/span>\n\t\t\t\t\t\t\t\t\t\t                                    <\/a>\n                                <\/li>\n\t\t\t\t\t\t\t\t\t\t\t\t\t\t\t\t\t\t\t\t\t                                <li class=\"nav-item\" role=\"presentation\">\n                                    <a class=\"\" title=\"3.8\"\n                                       href=\"#date2e831602\" role=\"tab\"\n                                       data-toggle=\"tab\">\n                                        <h3>3.8<\/h3>\n\t\t\t\t\t\t\t\t\t\t                                            <span>Monday<\/span>\n\t\t\t\t\t\t\t\t\t\t                                    <\/a>\n                                <\/li>\n\t\t\t\t\t\t\t\t\t\t\t\t\t\t\t\t\t\t\t\t\t                                <li class=\"nav-item\" role=\"presentation\">\n                                    <a class=\"\" title=\"4.8\"\n                                       href=\"#date2e831603\" role=\"tab\"\n                                       data-toggle=\"tab\">\n                                        <h3>4.8<\/h3>\n\t\t\t\t\t\t\t\t\t\t                                            <span>Tuesday<\/span>\n\t\t\t\t\t\t\t\t\t\t                                    <\/a>\n                                <\/li>\n\t\t\t\t\t\t\t\t\t\t\t\t\t\t\t\t\t\t\t\t\t                                <li class=\"nav-item\" role=\"presentation\">\n                                    <a class=\"\" title=\"5.8\"\n                                       href=\"#date2e831604\" role=\"tab\"\n                                       data-toggle=\"tab\">\n                                        <h3>5.8<\/h3>\n\t\t\t\t\t\t\t\t\t\t                                            <span>Wednesday<\/span>\n\t\t\t\t\t\t\t\t\t\t                                    <\/a>\n                                <\/li>\n\t\t\t\t\t\t\t\t\t\t\t\t\t\t\t\t\t\t\t\t\t                                <li class=\"nav-item\" role=\"presentation\">\n                                    <a class=\"\" title=\"6.8\"\n                                       href=\"#date2e831605\" role=\"tab\"\n                                       data-toggle=\"tab\">\n                                        <h3>6.8<\/h3>\n\t\t\t\t\t\t\t\t\t\t                                            <span>Thursday<\/span>\n\t\t\t\t\t\t\t\t\t\t                                    <\/a>\n                                <\/li>\n\t\t\t\t\t\t\t\t\t\t\t\t\t\t\t\t\t\t\t\t\t                                <li class=\"nav-item\" role=\"presentation\">\n                                    <a class=\"\" title=\"7.8\"\n                                       href=\"#date2e831606\" role=\"tab\"\n                                       data-toggle=\"tab\">\n                                        <h3>7.8<\/h3>\n\t\t\t\t\t\t\t\t\t\t                                            <span>Friday<\/span>\n\t\t\t\t\t\t\t\t\t\t                                    <\/a>\n                                <\/li>\n\t\t\t\t\t\t\t\t\t\t\t\t\t\t\t\t\t\t\t\t\t                                <li class=\"nav-item\" role=\"presentation\">\n                                    <a class=\"\" title=\"8.8\"\n                                       href=\"#date2e831607\" role=\"tab\"\n                                       data-toggle=\"tab\">\n                                        <h3>8.8<\/h3>\n\t\t\t\t\t\t\t\t\t\t                                            <span>Saturday<\/span>\n\t\t\t\t\t\t\t\t\t\t                                    <\/a>\n                                <\/li>\n\t\t\t\t\t\t\t\t\t\t\t\t\t\t                    <\/ul>\n                    <!-- Tab panes -->\n                <\/div>\n            <\/div>\n            <!-- col end-->\n        <\/div>\n        <!-- row end-->\n        <div class=\"row\">\n            <div class=\"col-lg-12\">\n                <div class=\"tab-content schedule-tabs\">\n\t\t\t\t\t\t\t\t\t\t\t                            <div role=\"tabpanel\" class=\"tab-pane active\"\n                                 id=\"date2e831601\"\n                                 aria-labelledby=\"date2e831601-tab\">\n\t\t\t\t\t\t\t\t\t\t\t\t\t\t\t\t\t                                    <div class=\"schedule-listing\">\n                                        <div class=\"schedule-slot-time\">\n                                            <span> 8:00 PM, Bishop's Courtyard <\/span>\n                                        <\/div>\n                                        <div class=\"schedule-slot-info\">\n\t\t\t\t\t\t\t\t\t\t\t                                                <a rel=\"noreferrer\"\n                                                   href=\"https:\/\/guitarcz.com\/en\/speaker\/flamenco-de-andalucia\/\">\n\t\t\t\t\t\t\t\t\t\t\t\t\t                                                <\/a>\n\t\t\t\t\t\t\t\t\t\t\t                                            <div class=\"schedule-slot-info-content\">\n                                                <h3 class=\"schedule-slot-title\">\n\t\t\t\t\t\t\t\t\t\t\t\t\tFLAMENCO DE ANDALUC\u00cdA - Raul Mannola, guitar, Aylin Bayaz, dance &amp; Gabriel Mat\u00edas, dance, Mercedes Cort\u00e9s, voice, Spain                                                <\/h3>\n                                                <p class=\"schedule-speaker tab_speakers-1\">\n\t\t\t\t\t\t\t\t\t\t\t\t\t\t\t\t\t\t\t\t\t\t\t\t\t\t\tFLAMENCO DE ANDALUC\u00cdA\t\t\t\t\t\t\t\t\t\t\t\t\t                                                <\/p>\n                                                <p>\n\t\t\t\t\t\t\t\t\t\t\t\t\t<p style=\"margin-bottom: 15px;font-size: 15px\"><a href=\"https:\/\/guitarcz.com\/en\/speaker\/raul-mannola\/\">Raul Mannola<\/a>,\r\n<a href=\"https:\/\/guitarcz.com\/en\/speaker\/aylin-bayaz\/\">Aylin Bayaz<\/a>,\r\nGabriel Mat\u00edas,\r\nMercedes Cort\u00e9s<\/p>\r\n\r\n<div style=\"gap: 10px;flex-wrap: wrap\"><img loading=\"lazy\" decoding=\"async\" style=\"border-radius: 4px\" src=\"https:\/\/guitarcz.com\/wp-content\/uploads\/2026\/07\/images.jpg\" alt=\"Raul Mannola\" width=\"125\" height=\"125\">\r\n<img loading=\"lazy\" decoding=\"async\" style=\"border-radius: 4px\" src=\"https:\/\/guitarcz.com\/wp-content\/uploads\/2026\/07\/aylin.png\" alt=\"Aylin Bayaz\" width=\"125\" height=\"125\"><\/div>                                                <\/p>\n                                            <\/div>\n                                            <!--Info content end -->\n                                        <\/div>\n                                        <!-- Slot info end -->\n                                    <\/div>\n\n\t\t\t\t\t\t\t\t                                <!--schedule-listing end -->\n                            <\/div>\n\t\t\t\t\t\t\t\t\t\t\t\t\t\t\t\t\t\t                            <div role=\"tabpanel\" class=\"tab-pane\"\n                                 id=\"date2e831602\"\n                                 aria-labelledby=\"date2e831602-tab\">\n\t\t\t\t\t\t\t\t\t\t\t\t\t\t\t\t\t                                    <div class=\"schedule-listing\">\n                                        <div class=\"schedule-slot-time\">\n                                            <span> 5:00 PM, Theatre on Orl\u00ed Street 19 <\/span>\n                                        <\/div>\n                                        <div class=\"schedule-slot-info\">\n\t\t\t\t\t\t\t\t\t\t\t                                            <div class=\"schedule-slot-info-content\">\n\n                                                <h3 class=\"schedule-slot-title\">\n\t\t\t\t\t\t\t\t\t\t\t\t\tDuo Actu\u00e1l, Italy\u2013 Mario Scir\u00e8, guitar &amp; Jos\u00e9 Mobilia, vibraphon                                                <\/h3>\n                                                <p class=\"schedule-speaker tab_speakers-1\">\n\t\t\t\t\t\t\t\t\t\t\t\t\t\t\t\t\t\t\t\t\t\t\t\t\t\t\t\t\t\t\t\t\t\t\t\t\t\t\t\t                                                <\/p>\n                                                <p>\n\t\t\t\t\t\t\t\t\t\t\t\t\t<a href=\"https:\/\/guitarcz.com\/en\/speaker\/duo-actual-mario-scire-jose-mobilia\/\">Duo Actu\u00e1l<\/a>\r\n<div><img loading=\"lazy\" decoding=\"async\" style=\"border-radius: 4px\" src=\"https:\/\/guitarcz.com\/wp-content\/uploads\/2026\/07\/duoactual.png\" alt=\"Duo Actual\" width=\"125\" height=\"125\"><\/div>                                                <\/p>\n                                            <\/div>\n                                            <!--Info content end -->\n                                        <\/div>\n                                        <!-- Slot info end -->\n                                    <\/div>\n\n\t\t\t\t\t\t\t\t\t\t\t\t\t\t\t\t\t                                    <div class=\"schedule-listing\">\n                                        <div class=\"schedule-slot-time\">\n                                            <span> 7:00 PM, Town Hall (radnice)  Brno \u2013 st\u0159ed, Dominik\u00e1nsk\u00e1 St. 2 <\/span>\n                                        <\/div>\n                                        <div class=\"schedule-slot-info\">\n\t\t\t\t\t\t\t\t\t\t\t                                            <div class=\"schedule-slot-info-content\">\n\n                                                <h3 class=\"schedule-slot-title\">\n\t\t\t\t\t\t\t\t\t\t\t\t\tRikke Petersen &amp; Finn Svit, flute &amp; guitar, Denmark, Igor Klokov, Germany                                                <\/h3>\n                                                <p class=\"schedule-speaker tab_speakers-1\">\n\t\t\t\t\t\t\t\t\t\t\t\t\t\t\t\t\t\t\t\t\t\t\t\t\t\t\t\t\t\t\t\t\t\t\t\t\t\t\t\t                                                <\/p>\n                                                <p>\n\t\t\t\t\t\t\t\t\t\t\t\t\t<p style=\"margin-bottom: 15px;font-size: 15px\"><a href=\"https:\/\/guitarcz.com\/en\/speaker\/finn-svit\/\">Finn Svit<\/a>, <a href=\"https:\/\/guitarcz.com\/en\/speaker\/rikke-petersen\/\">Rikke Petersen<\/a>, <a href=\"https:\/\/guitarcz.com\/en\/speaker\/igor-klokov\/\">Igor Klokov<\/a><\/p>\r\n\r\n<div style=\"gap: 10px;flex-wrap: wrap\"><img style=\"border-radius: 4px\"> <img loading=\"lazy\" decoding=\"async\" style=\"border-radius: 4px\" src=\"https:\/\/guitarcz.com\/wp-content\/uploads\/2026\/04\/petersen_Svitt-150x150.png\" alt=\"\" width=\"125\" height=\"125\"> <img loading=\"lazy\" decoding=\"async\" style=\"border-radius: 4px\" src=\"https:\/\/guitarcz.com\/wp-content\/uploads\/2026\/04\/klokov-150x150.png\" alt=\"\" width=\"125\" height=\"125\"><\/div>                                                <\/p>\n                                            <\/div>\n                                            <!--Info content end -->\n                                        <\/div>\n                                        <!-- Slot info end -->\n                                    <\/div>\n\n\t\t\t\t\t\t\t\t                                <!--schedule-listing end -->\n                            <\/div>\n\t\t\t\t\t\t\t\t\t\t\t\t\t\t\t\t\t\t                            <div role=\"tabpanel\" class=\"tab-pane\"\n                                 id=\"date2e831603\"\n                                 aria-labelledby=\"date2e831603-tab\">\n\t\t\t\t\t\t\t\t\t\t\t\t\t\t\t\t\t                                    <div class=\"schedule-listing\">\n                                        <div class=\"schedule-slot-time\">\n                                            <span> 8:00 PM, New City Hall <\/span>\n                                        <\/div>\n                                        <div class=\"schedule-slot-info\">\n\t\t\t\t\t\t\t\t\t\t\t                                            <div class=\"schedule-slot-info-content\">\n\n                                                <h3 class=\"schedule-slot-title\">\n\t\t\t\t\t\t\t\t\t\t\t\t\tJorge Caballero, Peru                                                <\/h3>\n                                                <p class=\"schedule-speaker tab_speakers-1\">\n\t\t\t\t\t\t\t\t\t\t\t\t\t\t\t\t\t\t\t\t\t\t\t\t\t\t\t\t\t\t\t\t\t\t\t\t\t\t\t\t                                                <\/p>\n                                                <p>\n\t\t\t\t\t\t\t\t\t\t\t\t\t<a href=\"https:\/\/guitarcz.com\/en\/speaker\/jorge-caballero\/\">Jorge Caballero<\/a>\r\n<div><img loading=\"lazy\" decoding=\"async\" style=\"border-radius: 4px\" src=\"https:\/\/guitarcz.com\/wp-content\/uploads\/2022\/03\/Caballero-1.jpg\" alt=\"Jorge Caballero\" width=\"125\" height=\"125\"><\/div>                                                <\/p>\n                                            <\/div>\n                                            <!--Info content end -->\n                                        <\/div>\n                                        <!-- Slot info end -->\n                                    <\/div>\n\n\t\t\t\t\t\t\t\t                                <!--schedule-listing end -->\n                            <\/div>\n\t\t\t\t\t\t\t\t\t\t\t\t\t\t\t\t\t\t                            <div role=\"tabpanel\" class=\"tab-pane\"\n                                 id=\"date2e831604\"\n                                 aria-labelledby=\"date2e831604-tab\">\n\t\t\t\t\t\t\t\t\t\t\t\t\t\t\t\t\t                                    <div class=\"schedule-listing\">\n                                        <div class=\"schedule-slot-time\">\n                                            <span> 7:00 PM, Town Hall (radnice)  Brno \u2013 st\u0159ed, Dominik\u00e1nsk\u00e1 St. 2 <\/span>\n                                        <\/div>\n                                        <div class=\"schedule-slot-info\">\n\t\t\t\t\t\t\t\t\t\t\t                                            <div class=\"schedule-slot-info-content\">\n\n                                                <h3 class=\"schedule-slot-title\">\n\t\t\t\t\t\t\t\t\t\t\t\t\tTali Roth, USA, Manuel Alonso, jazz flamenco, Andorra                                                <\/h3>\n                                                <p class=\"schedule-speaker tab_speakers-1\">\n\t\t\t\t\t\t\t\t\t\t\t\t\t\t\t\t\t\t\t\t\t\t\t\t\t\t\t\t\t\t\t\t\t\t\t\t\t\t\t\t                                                <\/p>\n                                                <p>\n\t\t\t\t\t\t\t\t\t\t\t\t\t<p style=\"margin-bottom: 15px;font-size: 15px\"><a href=\"https:\/\/guitarcz.com\/en\/speaker\/tali-roth\/\">Tali Roth<\/a>, <a href=\"https:\/\/guitarcz.com\/en\/speaker\/manuel-alonso\/\">Manuel Alonso<\/a><\/p>\r\n\r\n<div style=\"gap: 10px;flex-wrap: wrap\"><img loading=\"lazy\" decoding=\"async\" style=\"border-radius: 4px\" src=\"https:\/\/guitarcz.com\/wp-content\/uploads\/2026\/04\/roth.png\" alt=\"\" width=\"125\" height=\"125\"> <img loading=\"lazy\" decoding=\"async\" style=\"border-radius: 4px\" src=\"https:\/\/guitarcz.com\/wp-content\/uploads\/2026\/06\/Manuel-Alfonso-2-foto1.jpg\" alt=\"\" width=\"97\" height=\"126\"><\/div>                                                <\/p>\n                                            <\/div>\n                                            <!--Info content end -->\n                                        <\/div>\n                                        <!-- Slot info end -->\n                                    <\/div>\n\n\t\t\t\t\t\t\t\t                                <!--schedule-listing end -->\n                            <\/div>\n\t\t\t\t\t\t\t\t\t\t\t\t\t\t\t\t\t\t                            <div role=\"tabpanel\" class=\"tab-pane\"\n                                 id=\"date2e831605\"\n                                 aria-labelledby=\"date2e831605-tab\">\n\t\t\t\t\t\t\t\t\t\t\t\t\t\t\t\t\t                                    <div class=\"schedule-listing\">\n                                        <div class=\"schedule-slot-time\">\n                                            <span> 7:00 PM, Town Hall (radnice)  Brno \u2013 st\u0159ed, Dominik\u00e1nsk\u00e1 St. 2 <\/span>\n                                        <\/div>\n                                        <div class=\"schedule-slot-info\">\n\t\t\t\t\t\t\t\t\t\t\t                                            <div class=\"schedule-slot-info-content\">\n\n                                                <h3 class=\"schedule-slot-title\">\n\t\t\t\t\t\t\t\t\t\t\t\t\tDarko Nikcevic &amp; Srdan Bulatovic, Balkan jazz, Montenegro                                                <\/h3>\n                                                <p class=\"schedule-speaker tab_speakers-1\">\n\t\t\t\t\t\t\t\t\t\t\t\t\t\t\t\t\t\t\t\t\t\t\t\t\t\t\t\t\t\t\t\t\t\t\t\t\t\t\t\t                                                <\/p>\n                                                <p>\n\t\t\t\t\t\t\t\t\t\t\t\t\t<p style=\"margin-bottom: 15px;font-size: 15px\"><a href=\"https:\/\/guitarcz.com\/en\/speaker\/darko-nikcevic\/\">Darko Nikcevic<\/a>, <a href=\"https:\/\/guitarcz.com\/en\/speaker\/srdjan-bulatovic\/\">Srdjan Bulatovic<\/a><\/p>\r\n\r\n<div style=\"gap: 10px;flex-wrap: wrap\"><img loading=\"lazy\" decoding=\"async\" style=\"border-radius: 4px\" src=\"https:\/\/guitarcz.com\/wp-content\/uploads\/2026\/04\/darkoduo.png\" alt=\"Darko Srdjan\" width=\"125\" height=\"125\"><\/div>                                                <\/p>\n                                            <\/div>\n                                            <!--Info content end -->\n                                        <\/div>\n                                        <!-- Slot info end -->\n                                    <\/div>\n\n\t\t\t\t\t\t\t\t                                <!--schedule-listing end -->\n                            <\/div>\n\t\t\t\t\t\t\t\t\t\t\t\t\t\t\t\t\t\t                            <div role=\"tabpanel\" class=\"tab-pane\"\n                                 id=\"date2e831606\"\n                                 aria-labelledby=\"date2e831606-tab\">\n\t\t\t\t\t\t\t\t\t\t\t\t\t\t\t\t\t                                    <div class=\"schedule-listing\">\n                                        <div class=\"schedule-slot-time\">\n                                            <span> 4:00 PM, Town Hall (radnice)  Brno \u2013 st\u0159ed, Dominik\u00e1nsk\u00e1 St. 2 <\/span>\n                                        <\/div>\n                                        <div class=\"schedule-slot-info\">\n\t\t\t\t\t\t\t\t\t\t\t                                            <div class=\"schedule-slot-info-content\">\n\n                                                <h3 class=\"schedule-slot-title\">\n\t\t\t\t\t\t\t\t\t\t\t\t\tGuitar orchestra &amp; festival participants, cond.: M. Ezra, S. Dinkova                                                <\/h3>\n                                                <p class=\"schedule-speaker tab_speakers-1\">\n\t\t\t\t\t\t\t\t\t\t\t\t\t\t\t\t\t\t\t\t\t\t\t\t\t\t\t\t\t\t\t\t\t\t\t\t\t\t\t\t                                                <\/p>\n                                                <p>\n\t\t\t\t\t\t\t\t\t\t\t\t\t<p style=\"margin-bottom: 15px;font-size: 15px\"><a href=\"https:\/\/guitarcz.com\/en\/speaker\/maoz-ezra-2\/\">M. Ezra<\/a>, <a href=\"https:\/\/guitarcz.com\/en\/speaker\/stela-dinkova\/\">S. Dinkova<\/a><\/p>\r\n\r\n<div style=\"gap: 10px;flex-wrap: wrap\"><img loading=\"lazy\" decoding=\"async\" style=\"border-radius: 4px\" src=\"https:\/\/guitarcz.com\/wp-content\/uploads\/2026\/04\/stela.png\" alt=\"Stela Dinkova\" width=\"125\" height=\"125\">\r\n<img loading=\"lazy\" decoding=\"async\" style=\"border-radius: 4px\" src=\"https:\/\/guitarcz.com\/wp-content\/uploads\/2026\/04\/maozezra.png\" alt=\"M. Ezra\" width=\"125\" height=\"125\"><\/div>                                                <\/p>\n                                            <\/div>\n                                            <!--Info content end -->\n                                        <\/div>\n                                        <!-- Slot info end -->\n                                    <\/div>\n\n\t\t\t\t\t\t\t\t\t\t\t\t\t\t\t\t\t                                    <div class=\"schedule-listing\">\n                                        <div class=\"schedule-slot-time\">\n                                            <span> 8:00 PM, New City Hall <\/span>\n                                        <\/div>\n                                        <div class=\"schedule-slot-info\">\n\t\t\t\t\t\t\t\t\t\t\t                                            <div class=\"schedule-slot-info-content\">\n\n                                                <h3 class=\"schedule-slot-title\">\n\t\t\t\t\t\t\t\t\t\t\t\t\tNigel North, Great Britain                                                <\/h3>\n                                                <p class=\"schedule-speaker tab_speakers-1\">\n\t\t\t\t\t\t\t\t\t\t\t\t\t\t\t\t\t\t\t\t\t\t\t\t\t\t\t\t\t\t\t\t\t\t\t\t\t\t\t\t                                                <\/p>\n                                                <p>\n\t\t\t\t\t\t\t\t\t\t\t\t\t<a href=\"https:\/\/guitarcz.com\/en\/speaker\/nigel-north\/\">Nigel North<\/a>\r\n<div><img loading=\"lazy\" decoding=\"async\" style=\"border-radius: 4px\" src=\"https:\/\/guitarcz.com\/wp-content\/uploads\/2026\/04\/nigell.png\" alt=\"Nigel North\" width=\"125\" height=\"125\"><\/div>                                                <\/p>\n                                            <\/div>\n                                            <!--Info content end -->\n                                        <\/div>\n                                        <!-- Slot info end -->\n                                    <\/div>\n\n\t\t\t\t\t\t\t\t                                <!--schedule-listing end -->\n                            <\/div>\n\t\t\t\t\t\t\t\t\t\t\t\t\t\t\t\t\t\t                            <div role=\"tabpanel\" class=\"tab-pane\"\n                                 id=\"date2e831607\"\n                                 aria-labelledby=\"date2e831607-tab\">\n\t\t\t\t\t\t\t\t\t\t\t\t\t\t\t\t\t                                    <div class=\"schedule-listing\">\n                                        <div class=\"schedule-slot-time\">\n                                            <span> 10:30 AM, Town Hall (radnice)  Brno \u2013 st\u0159ed, Dominik\u00e1nsk\u00e1 St. 2 <\/span>\n                                        <\/div>\n                                        <div class=\"schedule-slot-info\">\n\t\t\t\t\t\t\t\t\t\t\t                                            <div class=\"schedule-slot-info-content\">\n\n                                                <h3 class=\"schedule-slot-title\">\n\t\t\t\t\t\t\t\t\t\t\t\t\tMateia &amp; Eduardo Pascual, guitar duo, Spain, Leilah &amp; Maoz Ezra, sopr\u00e1no &amp; guitar, USA                                                <\/h3>\n                                                <p class=\"schedule-speaker tab_speakers-1\">\n\t\t\t\t\t\t\t\t\t\t\t\t\t\t\t\t\t\t\t\t\t\t\t\t\t\t\t\t\t\t\t\t\t\t\t\t\t\t\t\t                                                <\/p>\n                                                <p>\n\t\t\t\t\t\t\t\t\t\t\t\t\t<p style=\"margin-bottom: 15px;font-size: 15px\"><a href=\"https:\/\/guitarcz.com\/en\/speaker\/mateia-eduardo-pascual\/\">Mateia &amp; Eduardo Pascual<\/a>, <a href=\"https:\/\/guitarcz.com\/en\/speaker\/leilah-maoz-ezra\/\">Leilah &amp; Maoz Ezra<\/a><\/p>\r\n\r\n<div style=\"gap: 10px;flex-wrap: wrap\"><img loading=\"lazy\" decoding=\"async\" style=\"border-radius: 4px\" src=\"https:\/\/guitarcz.com\/wp-content\/uploads\/2026\/06\/Eduardo-Mateia-PASCUAL-duo1-scaled.jpg\" alt=\"\" width=\"140\" height=\"91\"> <img loading=\"lazy\" decoding=\"async\" style=\"border-radius: 4px\" src=\"https:\/\/guitarcz.com\/wp-content\/uploads\/2026\/04\/ezramao.png\" alt=\"\" width=\"93\" height=\"93\"><\/div>                                                <\/p>\n                                            <\/div>\n                                            <!--Info content end -->\n                                        <\/div>\n                                        <!-- Slot info end -->\n                                    <\/div>\n\n\t\t\t\t\t\t\t\t                                <!--schedule-listing end -->\n                            <\/div>\n\t\t\t\t\t\t\t\t\t\t\t\t                <\/div>\n            <\/div>\n        <\/div>\n    <\/div>\n    <!-- container end-->\n<\/section>\n\t\t\t\t<\/div>\n\t\t\t\t<\/div>\n\t\t\t\t<div class=\"elementor-element elementor-element-d2ea1c9 elementor-align-center elementor-hidden-desktop elementor-hidden-tablet elementor-hidden-mobile elementor-widget elementor-widget-button\" data-id=\"d2ea1c9\" data-element_type=\"widget\" data-e-type=\"widget\" data-settings=\"{&quot;ekit_we_effect_on&quot;:&quot;none&quot;}\" data-widget_type=\"button.default\">\n\t\t\t\t<div class=\"elementor-widget-container\">\n\t\t\t\t\t\t\t\t\t<div class=\"elementor-button-wrapper\">\n\t\t\t\t\t<a class=\"elementor-button elementor-button-link elementor-size-sm\" href=\"https:\/\/goout.net\/cs\/mezinarodni-kytarovy-festival-brno-2024\/szefbdx\/\" target=\"_blank\">\n\t\t\t\t\t\t<span class=\"elementor-button-content-wrapper\">\n\t\t\t\t\t\t\t\t\t<span class=\"elementor-button-text\">TICKET PRESALE<\/span>\n\t\t\t\t\t<\/span>\n\t\t\t\t\t<\/a>\n\t\t\t\t<\/div>\n\t\t\t\t\t\t\t\t<\/div>\n\t\t\t\t<\/div>\n\t\t\t\t\t<\/div>\n\t\t<\/div>\n\t\t\t\t\t<\/div>\n\t\t<\/section>\n\t\t\t\t<section class=\"elementor-section elementor-top-section elementor-element elementor-element-45caeab elementor-section-full_width elementor-section-height-default elementor-section-height-default\" data-id=\"45caeab\" data-element_type=\"section\" data-e-type=\"section\">\n\t\t\t\t\t\t<div class=\"elementor-container elementor-column-gap-default\">\n\t\t\t\t\t<div class=\"elementor-column elementor-col-100 elementor-top-column elementor-element elementor-element-da0e99b\" data-id=\"da0e99b\" data-element_type=\"column\" data-e-type=\"column\">\n\t\t\t<div class=\"elementor-widget-wrap elementor-element-populated\">\n\t\t\t\t\t\t<div class=\"elementor-element elementor-element-bc96bb7 elementor-widget elementor-widget-html\" data-id=\"bc96bb7\" data-element_type=\"widget\" data-e-type=\"widget\" data-settings=\"{&quot;ekit_we_effect_on&quot;:&quot;none&quot;}\" data-widget_type=\"html.default\">\n\t\t\t\t<div class=\"elementor-widget-container\">\n\t\t\t\t\t<div class=\"festival-alert-box\">\n  <div class=\"festival-alert-header\">\n    <span class=\"festival-alert-icon\">\u26a0\ufe0f<\/span>\n    <h2>IMPORTANT NOTICE: Complete overview of times and locations of all concerts (2. 8. \u2013 8. 8.)<\/h2>\n  <\/div>\n\n  <div class=\"festival-alert-grid\">\n    <!-- Ned\u011ble - BEZE ZM\u011aNY -->\n    <div class=\"festival-alert-item data-no-change\">\n      <div class=\"festival-date-badge status-ok\">2. 8. <span class=\"festival-day\">Sunday<\/span><\/div>\n      <div class=\"festival-details\">\n        <div class=\"festival-time-place color-ok\">8:00 PM, Bishop's Courtyard <span class=\"badge-ok\">WITHOUT CHANGE \u2014 time and place remain the same<\/span><\/div>\n        <div class=\"festival-artists\">FLAMENCO DE ANDALUC\u00cdA - Raul Mannola, Aylin Bayaz, Gabriel Mat\u00edas, Mercedes Cort\u00e9s<\/div>\n      <\/div>\n    <\/div>\n\n    <!-- Pond\u011bl\u00ed - ZM\u011aNA -->\n    <div class=\"festival-alert-item data-changed\">\n      <div class=\"festival-date-badge\">3. 8. <span class=\"festival-day\">Monday<\/span><\/div>\n      <div class=\"festival-details\">\n        <div class=\"festival-time-place\"><span class=\"badge-change\">CHANGE OF TIME AND VENUE<\/span> 7:00 PM, Town Hall (radnice)  Brno \u2013 st\u0159ed, Dominik\u00e1nsk\u00e1 St. 2<\/div>\n        <div class=\"festival-artists\">Rikke Petersen & Finn Svit, Igor Klokov<\/div>\n      <\/div>\n    <\/div>\n\n    <!-- \u00dater\u00fd - BEZE ZM\u011aNY -->\n    <div class=\"festival-alert-item data-no-change\">\n      <div class=\"festival-date-badge status-ok\">4. 8. <span class=\"festival-day\">Tuesday<\/span><\/div>\n      <div class=\"festival-details\">\n        <div class=\"festival-time-place color-ok\">8:00 PM, New City Hall <span class=\"badge-ok\">WITHOUT CHANGE \u2014 time and place remain the same<\/span><\/div>\n        <div class=\"festival-artists\">Jorge Caballero (Peru)<\/div>\n      <\/div>\n    <\/div>\n\n    <!-- St\u0159eda - ZM\u011aNA -->\n    <div class=\"festival-alert-item data-changed\">\n      <div class=\"festival-date-badge\">5. 8. <span class=\"festival-day\">Wednesday<\/span><\/div>\n      <div class=\"festival-details\">\n        <div class=\"festival-time-place\"><span class=\"badge-change\">CHANGE OF TIME AND VENUE<\/span> 7:00 PM, Town Hall (radnice)  Brno \u2013 st\u0159ed, Dominik\u00e1nsk\u00e1 St. 2<\/div>\n        <div class=\"festival-artists\">Tali Roth, Manuel Alonso<\/div>\n      <\/div>\n    <\/div>\n\n    <!-- \u010ctvrtek - ZM\u011aNA -->\n    <div class=\"festival-alert-item data-changed\">\n      <div class=\"festival-date-badge\">6. 8. <span class=\"festival-day\">Thursday<\/span><\/div>\n      <div class=\"festival-details\">\n        <div class=\"festival-time-place\"><span class=\"badge-change\">CHANGE OF TIME AND VENUE<\/span> 7:00 PM, Town Hall (radnice)  Brno \u2013 st\u0159ed, Dominik\u00e1nsk\u00e1 St. 2<\/div>\n        <div class=\"festival-artists\">Darko Nik\u010devi\u0107 & Srdjan Bulatovi\u0107<\/div>\n      <\/div>\n    <\/div>\n\n    <!-- P\u00e1tek odpoledne - ZM\u011aNA -->\n    <div class=\"festival-alert-item data-changed\">\n      <div class=\"festival-date-badge\">7. 8. <span class=\"festival-day\">Friday<\/span><\/div>\n      <div class=\"festival-details\">\n        <div class=\"festival-time-place\"><span class=\"badge-change\">CHANGE OF TIME AND VENUE<\/span> 4:00 PM, Town Hall (radnice)  Brno \u2013 st\u0159ed, Dominik\u00e1nsk\u00e1 St. 2<\/div>\n        <div class=\"festival-artists\">Guitar Orchestra &amp; Festival Participants<\/div>\n      <\/div>\n    <\/div>\n\n    <!-- P\u00e1tek ve\u010der - BEZE ZM\u011aNY -->\n    <div class=\"festival-alert-item data-no-change\">\n      <div class=\"festival-date-badge status-ok\">7. 8. <span class=\"festival-day\">Friday<\/span><\/div>\n      <div class=\"festival-details\">\n        <div class=\"festival-time-place color-ok\">8:00 PM, New City Hall <span class=\"badge-ok\">WITHOUT CHANGE \u2014 time and place remain the same<\/span><\/div>\n        <div class=\"festival-artists\">Nigel North (Anglie)<\/div>\n      <\/div>\n    <\/div>\n\n    <!-- Sobota - ZM\u011aNA -->\n    <div class=\"festival-alert-item data-changed\">\n      <div class=\"festival-date-badge\">8. 8. <span class=\"festival-day\">Saturday<\/span><\/div>\n      <div class=\"festival-details\">\n        <div class=\"festival-time-place\"><span class=\"badge-change\">CHANGE OF TIME AND VENUE<\/span> 10:30 AM, Town Hall (radnice)  Brno \u2013 st\u0159ed, Dominik\u00e1nsk\u00e1 St. 2<\/div>\n        <div class=\"festival-artists\">Mateia & Eduardo Pascual, Leilah & Maoz Ezra<\/div>\n      <\/div>\n    <\/div>\n  <\/div>\n\n  <div class=\"festival-alert-footer\">\n    We apologize for the inconvenience and thank you for your understanding.\n  <\/div>\n<\/div>\n\n<style>\n.festival-alert-box {\n  background-color: #fdfbf7;\n  border-left: 5px solid #b79257;\n  border-top: 1px solid #f1eae0;\n  border-right: 1px solid #f1eae0;\n  border-bottom: 1px solid #f1eae0;\n  padding: 30px;\n  margin: 25px auto;\n  max-width: 1140px;\n  font-family: inherit;\n  box-shadow: 0 4px 15px rgba(0,0,0,0.05);\n  border-radius: 4px;\n  box-sizing: border-box;\n}\n\n.festival-alert-header {\n  display: flex;\n  align-items: center;\n  margin-bottom: 25px;\n  border-bottom: 2px solid #f1eae0;\n  padding-bottom: 15px;\n}\n\n.festival-alert-icon {\n  font-size: 28px;\n  margin-right: 15px;\n  flex-shrink: 0;\n}\n\n.festival-alert-header h2 {\n  color: #111111;\n  font-size: 20px;\n  margin: 0;\n  font-weight: 700;\n  letter-spacing: 0.5px;\n  line-height: 1.4;\n}\n\n.festival-alert-grid {\n  display: grid;\n  grid-template-columns: repeat(2, 1fr);\n  gap: 15px;\n  margin-bottom: 25px;\n}\n\n.festival-alert-item {\n  display: flex;\n  background: #ffffff;\n  border: 1px solid #ece6dc;\n  border-radius: 4px;\n  overflow: hidden;\n  box-sizing: border-box;\n}\n\n\/* Odli\u0161en\u00ed polo\u017eky bez zm\u011bny *\/\n.festival-alert-item.data-no-change {\n  border-left: 3px solid #2e7d32;\n  background: #fafdfa;\n}\n\/* Odli\u0161en\u00ed polo\u017eky se zm\u011bnou *\/\n.festival-alert-item.data-changed {\n  border-left: 3px solid #b79257;\n}\n\n.festival-alert-item:hover {\n  border-color: #b79257;\n}\n.festival-alert-item.data-no-change:hover {\n  border-color: #2e7d32;\n}\n\n.festival-date-badge {\n  background-color: #b79257;\n  color: #ffffff;\n  font-weight: 700;\n  font-size: 18px;\n  padding: 15px;\n  min-width: 80px;\n  max-width: 80px;\n  display: flex;\n  flex-direction: column;\n  justify-content: center;\n  align-items: center;\n  text-align: center;\n  line-height: 1.2;\n  box-sizing: border-box;\n  flex-shrink: 0;\n}\n\n.festival-date-badge.status-ok {\n  background-color: #2e7d32;\n}\n\n.festival-day {\n  font-size: 12px;\n  text-transform: uppercase;\n  opacity: 0.85;\n  font-weight: 400;\n  margin-top: 2px;\n}\n\n.festival-details {\n  padding: 15px;\n  display: flex;\n  flex-direction: column;\n  justify-content: center;\n  flex-grow: 1;\n  box-sizing: border-box;\n}\n\n.festival-time-place {\n  font-size: 15px;\n  color: #b79257;\n  font-weight: 700;\n  margin-bottom: 6px;\n  line-height: 1.4;\n  display: flex;\n  flex-direction: column;\n  align-items: flex-start;\n  gap: 4px;\n}\n\n.festival-time-place.color-ok {\n  color: #2e7d32;\n}\n\n.badge-ok {\n  background-color: #e8f5e9;\n  color: #2e7d32;\n  font-size: 10px;\n  padding: 2px 8px;\n  border-radius: 4px;\n  font-weight: 800;\n  letter-spacing: 0.5px;\n  text-transform: uppercase;\n}\n\n.badge-change {\n  background-color: #fff3e0;\n  color: #b79257;\n  font-size: 10px;\n  padding: 2px 8px;\n  border-radius: 4px;\n  font-weight: 800;\n  letter-spacing: 0.5px;\n  text-transform: uppercase;\n}\n\n.festival-artists {\n  font-size: 13.5px;\n  color: #555555;\n  font-style: italic;\n  line-height: 1.4;\n  white-space: normal; \n  word-wrap: break-word;\n}\n\n.festival-alert-footer {\n  text-align: center;\n  font-style: italic;\n  color: #888888;\n  font-size: 14px;\n  border-top: 1px solid #f1eae0;\n  padding-top: 15px;\n}\n\n@media (max-width: 992px) {\n  .festival-alert-grid {\n    grid-template-columns: 1fr;\n    gap: 12px;\n  }\n}\n\n@media (max-width: 768px) {\n  .festival-alert-box {\n    padding: 20px;\n    margin: 15px;\n  }\n  \n  .festival-alert-header {\n    margin-bottom: 15px;\n  }\n  \n  .festival-alert-header h2 {\n    font-size: 17px;\n  }\n  \n  .festival-alert-icon {\n    font-size: 24px;\n    margin-right: 10px;\n  }\n}\n\n@media (max-width: 480px) {\n  .festival-alert-item {\n    flex-direction: column; \n  }\n  \n  .festival-date-badge {\n    min-width: 100%;\n    max-width: 100%;\n    flex-direction: row;\n    gap: 8px;\n    padding: 10px 15px;\n    justify-content: flex-start;\n  }\n  \n  .festival-day {\n    margin-top: 0;\n  }\n  \n  .festival-details {\n    padding: 12px 15px;\n  }\n}\n<\/style>\t\t\t\t<\/div>\n\t\t\t\t<\/div>\n\t\t\t\t\t<\/div>\n\t\t<\/div>\n\t\t\t\t\t<\/div>\n\t\t<\/section>\n\t\t\t\t<section class=\"elementor-section elementor-top-section elementor-element elementor-element-5aa7b66 elementor-section-boxed elementor-section-height-default elementor-section-height-default\" data-id=\"5aa7b66\" data-element_type=\"section\" data-e-type=\"section\" data-settings=\"{&quot;background_background&quot;:&quot;classic&quot;}\">\n\t\t\t\t\t\t<div class=\"elementor-container elementor-column-gap-default\">\n\t\t\t\t\t<div class=\"elementor-column elementor-col-100 elementor-top-column elementor-element elementor-element-a927ea0\" data-id=\"a927ea0\" data-element_type=\"column\" data-e-type=\"column\">\n\t\t\t<div class=\"elementor-widget-wrap elementor-element-populated\">\n\t\t\t\t\t\t<div class=\"elementor-element elementor-element-0d5ea79 elementor-widget elementor-widget-exhibz-title\" data-id=\"0d5ea79\" data-element_type=\"widget\" data-e-type=\"widget\" data-settings=\"{&quot;ekit_we_effect_on&quot;:&quot;none&quot;}\" data-widget_type=\"exhibz-title.default\">\n\t\t\t\t<div class=\"elementor-widget-container\">\n\t\t\t\t\t\n    <div class=\"title-section-area\">\n        <h2 class=\"section-title\">\n            <span class=\"sub-title\"><\/span>\n\t\t\tInternational Masterclasses        <\/h2>\n\t\t\t\t\t<div class=\"title-desc\"><p>Kurzy a p\u0159edn\u00e1\u0161ky p\u0159edn\u00edch sv\u011btov\u00fdch um\u011blc\u016f a pedagog\u016f v Divadle JAMU na Orl\u00ed. \u00da\u010dastn\u00edci kurz\u016f p\u0159edvedou sv\u00e9 um\u011bn\u00ed spolu s koncertem festivalov\u00e9ho kytarov\u00e9ho orchestru na koncert\u011b v s\u00e1le Nov\u00e9 radnice v Brn\u011b.\u00a0<\/p><\/div>\n\t\t                    <span class=\"title-shape\">\n                  <svg xmlns='http:\/\/www.w3.org\/2000\/svg' xmlns:xlink='http:\/\/www.w3.org\/1999\/xlink' width='71px' height='11px'> <path fill-rule='evenodd' d='M59.669,10.710 L49.164,3.306 L39.428,10.681 L29.714,3.322 L20.006,10.682 L10.295,3.322 L1.185,10.228 L-0.010,8.578 L10.295,0.765 L20.006,8.125 L29.714,0.765 L39.428,8.125 L49.122,0.781 L59.680,8.223 L69.858,1.192 L70.982,2.895 L59.669,10.710 Z'\/><\/svg>\n            <\/span>\n                    <\/div><!-- Section title -->\n    \n    \n\n    \t\t\t\t<\/div>\n\t\t\t\t<\/div>\n\t\t\t\t<div class=\"elementor-element elementor-element-6b56622 elementor-widget elementor-widget-text-editor\" data-id=\"6b56622\" data-element_type=\"widget\" data-e-type=\"widget\" data-settings=\"{&quot;ekit_we_effect_on&quot;:&quot;none&quot;}\" data-widget_type=\"text-editor.default\">\n\t\t\t\t<div class=\"elementor-widget-container\">\n\t\t\t\t\t\t\t\t\t<strong>Raul Mannola<\/strong> &#8211; <strong>kytara flamenco<\/strong> (Spain), <strong>Finn Svit<\/strong> (D\u00e1nsko), <strong>Igor Klokov<\/strong> (Germany), <strong>Jorge Caballero<\/strong> (Peru), <strong>Tali Roth<\/strong> (USA), <strong>Manuel Alonso \u2013 flamenco<\/strong> (Andorra), <strong>Darko Nik\u010devi\u0107 &#8211; balcan jazz <\/strong>(\u010cern\u00e1 Hora), <strong>Stela Dinkova<\/strong> (Bulharsko), <strong>Maoz Ezra<\/strong> (USA), <strong>Eduardo Pascual<\/strong> (Spain), <strong>Nigel North<\/strong> <strong>&#8211; loutna <\/strong>(Velk\u00e1 Brit\u00e1nie), <strong>Vladislav Bl\u00e1ha<\/strong> (Czech Republic), <strong>Luciano Tortorelli<\/strong> (Italy), <strong>Milan Ka\u0161uba<\/strong> (Czech Republic),\t\t\t\t\t\t\t\t<\/div>\n\t\t\t\t<\/div>\n\t\t\t\t\t<\/div>\n\t\t<\/div>\n\t\t\t\t\t<\/div>\n\t\t<\/section>\n\t\t\t\t<section class=\"elementor-section elementor-top-section elementor-element elementor-element-4a18b98 elementor-section-boxed elementor-section-height-default elementor-section-height-default\" data-id=\"4a18b98\" data-element_type=\"section\" data-e-type=\"section\" data-settings=\"{&quot;background_background&quot;:&quot;classic&quot;}\">\n\t\t\t\t\t\t<div class=\"elementor-container elementor-column-gap-default\">\n\t\t\t\t\t<div class=\"elementor-column elementor-col-20 elementor-top-column elementor-element elementor-element-af219e0\" data-id=\"af219e0\" data-element_type=\"column\" data-e-type=\"column\">\n\t\t\t<div class=\"elementor-widget-wrap elementor-element-populated\">\n\t\t\t\t\t\t<div class=\"elementor-element elementor-element-c6cd6a7 elementor-widget elementor-widget-exhibz-speaker\" data-id=\"c6cd6a7\" data-element_type=\"widget\" data-e-type=\"widget\" data-settings=\"{&quot;ekit_we_effect_on&quot;:&quot;none&quot;}\" data-widget_type=\"exhibz-speaker.default\">\n\t\t\t\t<div class=\"elementor-widget-container\">\n\t\t\t\t\t\t\t\t\n\n\t\t\t\n\t\t\t\n\t\t\t            <section class=\"ts-speakers-style4 ts-speakers speaker-classic\">\n                <div class=\"ts-speaker\" style=\"--speaker-color: #25CD44\">\n                    <div class=\"speaker-img\">\n\t\t\t\t\t\t                            <img decoding=\"async\" src=\"https:\/\/guitarcz.com\/wp-content\/uploads\/2026\/07\/images.jpg\"\n                                 alt=\"\">\n\t\t\t\t\t\t                        <a href=\"#popup_c6cd6a74889\"\n                           class=\"view-speaker ts-image-popup\" data-effect=\"mfp-zoom-in\">\n                            <i class=\"icon icon-plus\"><\/i>\n                        <\/a>\n                        <!-- speaker social -->\n                        <div class=\"ts-speakers-social-4 ts-speakers-social\">\n\t\t\t\t\t\t\t\t\t\t\t\t\t\t\t\t\t\t\t\t\t\t                        <\/div>\n                        <!-- speaker social end -->\n                    <\/div>\n                    <div class=\"ts-speaker-info text-left\">\n                        <h3 class=\"ts-title\">\n                            <a href=\"https:\/\/guitarcz.com\/en\/speaker\/raul-mannola\/\"> \n                                Raul Mannola \n                            <\/a>\n                        <\/h3>\n                        <p>\n\t\t\t\t\t\t\tSpain                        <\/p>\n                    <\/div>\n                    <!--- speaker info end -->\n                    <!-- popup start-->\n                    <div id=\"popup_c6cd6a74889\"\n                         class=\"container ts-speaker-popup mfp-hide\">\n                        <div class=\"row\">\n                            <div class=\"col-lg-6\">\n                                <div class=\"ts-speaker-popup-img\">\n\t\t\t\t\t\t\t\t\t                                        <img decoding=\"async\" src=\"https:\/\/guitarcz.com\/wp-content\/uploads\/2026\/07\/images.jpg\"\n                                             alt=\"\">\n\t\t\t\t\t\t\t\t\t                                <\/div>\n                            <\/div>\n                            <!-- col end-->\n                            <div class=\"col-lg-6\">\n                                <div class=\"ts-speaker-popup-content\">\n                                    <h3 class=\"ts-title\">\n                                        <a href=\"https:\/\/guitarcz.com\/en\/speaker\/raul-mannola\/\"> Raul Mannola <\/a>\n                                    <\/h3>\n                                    <span class=\"speakder-designation\"> Spain<\/span>\n\t\t\t\t\t\t\t\t\t                                        <img decoding=\"async\" src=\"\"\n                                             alt=\"\">\n\t\t\t\t\t\t\t\t\t                                    <p class=\"translation-block\">Raul Mannola studied with famous flamenco guitar master Manolo Sanl\u00facar. He has dedicated more than 30 years to the study and play flamenco guitar and has released 10 solo albums, what  have received excellent reviews internationally. He worked as a flamenco guitar teacher at the Madrid Conservatory of Music for 10 years.<\/p>\n                                    <div class=\"ts-speakers-social\">\n\t\t\t\t\t\t\t\t\t\t\t\t\t\t\t\t\t\t\t\t\t\t\t\t\t\t\t\t\t\t\t                                    <\/div>\n                                <\/div>\n                                <!-- ts-speaker-popup-content end-->\n                            <\/div>\n                            <!-- col end-->\n                        <\/div>\n                        <!-- row end-->\n                    <\/div>\n                    <!-- popup end-->\n                <\/div>\n            <\/section>\n            <!-- ts-speaker end  -->\n\t\t\n\n\t\t\t\t\t\t<\/div>\n\t\t\t\t<\/div>\n\t\t\t\t\t<\/div>\n\t\t<\/div>\n\t\t\t\t<div class=\"elementor-column elementor-col-20 elementor-top-column elementor-element elementor-element-2a4d2ca\" data-id=\"2a4d2ca\" data-element_type=\"column\" data-e-type=\"column\">\n\t\t\t<div class=\"elementor-widget-wrap elementor-element-populated\">\n\t\t\t\t\t\t<div class=\"elementor-element elementor-element-88e37c5 elementor-widget elementor-widget-exhibz-speaker\" data-id=\"88e37c5\" data-element_type=\"widget\" data-e-type=\"widget\" data-settings=\"{&quot;ekit_we_effect_on&quot;:&quot;none&quot;}\" data-widget_type=\"exhibz-speaker.default\">\n\t\t\t\t<div class=\"elementor-widget-container\">\n\t\t\t\t\t\t\t\t\n\n\t\t\t\n\t\t\t\n\t\t\t            <section class=\"ts-speakers-style4 ts-speakers speaker-classic\">\n                <div class=\"ts-speaker\" style=\"--speaker-color: #25CD44\">\n                    <div class=\"speaker-img\">\n\t\t\t\t\t\t                            <img decoding=\"async\" src=\"https:\/\/guitarcz.com\/wp-content\/uploads\/2026\/07\/svit.png\"\n                                 alt=\"\">\n\t\t\t\t\t\t                        <a href=\"#popup_88e37c54719\"\n                           class=\"view-speaker ts-image-popup\" data-effect=\"mfp-zoom-in\">\n                            <i class=\"icon icon-plus\"><\/i>\n                        <\/a>\n                        <!-- speaker social -->\n                        <div class=\"ts-speakers-social-4 ts-speakers-social\">\n\t\t\t\t\t\t\t\t\t\t\t\t\t\t\t\t\t\t\t\t\t\t                        <\/div>\n                        <!-- speaker social end -->\n                    <\/div>\n                    <div class=\"ts-speaker-info text-left\">\n                        <h3 class=\"ts-title\">\n                            <a href=\"https:\/\/guitarcz.com\/en\/speaker\/finn-svit\/\"> \n                                Finn Svit \n                            <\/a>\n                        <\/h3>\n                        <p>\n\t\t\t\t\t\t\tDenmark                        <\/p>\n                    <\/div>\n                    <!--- speaker info end -->\n                    <!-- popup start-->\n                    <div id=\"popup_88e37c54719\"\n                         class=\"container ts-speaker-popup mfp-hide\">\n                        <div class=\"row\">\n                            <div class=\"col-lg-6\">\n                                <div class=\"ts-speaker-popup-img\">\n\t\t\t\t\t\t\t\t\t                                        <img decoding=\"async\" src=\"https:\/\/guitarcz.com\/wp-content\/uploads\/2026\/07\/svit.png\"\n                                             alt=\"\">\n\t\t\t\t\t\t\t\t\t                                <\/div>\n                            <\/div>\n                            <!-- col end-->\n                            <div class=\"col-lg-6\">\n                                <div class=\"ts-speaker-popup-content\">\n                                    <h3 class=\"ts-title\">\n                                        <a href=\"https:\/\/guitarcz.com\/en\/speaker\/finn-svit\/\"> Finn Svit <\/a>\n                                    <\/h3>\n                                    <span class=\"speakder-designation\"> Denmark<\/span>\n\t\t\t\t\t\t\t\t\t                                        <img decoding=\"async\" src=\"\"\n                                             alt=\"\">\n\t\t\t\t\t\t\t\t\t                                    <p>\n\t\t\t\t\t\t\t\t\t\t<strong>Finn Elias Svit<\/strong> Guitar - his  special interest in chamber music has contributed to participation in a large number of chamber music projects with both Danish and international musicians in many ensembles, here especially with the violinist Jochen Brusch. Finn has played duo with such guitarists as are Prof. Bernard Hebb, Prof. Michael Tr\u00f6ster, Leon Frijns, Maria Linnemann and Petko Genkov. Most recently, Finn has toured with the Trio Brandt, Petersen and Svit.The tours have taken him to most European countries as well as to the USA, Mexico, Thailand, and China. In addition to giving master classes at international guitar festivals, he has been a jury member at many international guitar competitions.\nIn 2006, he was named artist of the year in Sk\u00f8rping Municipality for his work with the dissemination of classical music for children. Finn Elias Svit also have experience as leader of Mariagerfjord Art School and has been a board member of Sangens Hus since and are now a board member of Danish Guitar Society.\r\n\r\n<strong>Duo Rikke Petersen, flute and Finn Elias Svit, guitar <\/strong>, Demark, has successfully given concerts at a number festivals. Their fine togetherness and individual musicianship make the concerts a very special experience for the audience.&nbsp;                                    <\/p>\n                                    <div class=\"ts-speakers-social\">\n\t\t\t\t\t\t\t\t\t\t\t\t\t\t\t\t\t\t\t\t\t\t\t\t\t\t\t\t\t\t\t                                    <\/div>\n                                <\/div>\n                                <!-- ts-speaker-popup-content end-->\n                            <\/div>\n                            <!-- col end-->\n                        <\/div>\n                        <!-- row end-->\n                    <\/div>\n                    <!-- popup end-->\n                <\/div>\n            <\/section>\n            <!-- ts-speaker end  -->\n\t\t\n\n\t\t\t\t\t\t<\/div>\n\t\t\t\t<\/div>\n\t\t\t\t\t<\/div>\n\t\t<\/div>\n\t\t\t\t<div class=\"elementor-column elementor-col-20 elementor-top-column elementor-element elementor-element-6955c25\" data-id=\"6955c25\" data-element_type=\"column\" data-e-type=\"column\">\n\t\t\t<div class=\"elementor-widget-wrap elementor-element-populated\">\n\t\t\t\t\t\t<div class=\"elementor-element elementor-element-fd84a97 elementor-widget elementor-widget-exhibz-speaker\" data-id=\"fd84a97\" data-element_type=\"widget\" data-e-type=\"widget\" data-settings=\"{&quot;ekit_we_effect_on&quot;:&quot;none&quot;}\" data-widget_type=\"exhibz-speaker.default\">\n\t\t\t\t<div class=\"elementor-widget-container\">\n\t\t\t\t\t\t\t\t\n\n\t\t\t\n\t\t\t\n\t\t\t            <section class=\"ts-speakers-style4 ts-speakers speaker-classic\">\n                <div class=\"ts-speaker\" style=\"--speaker-color: #25CD44\">\n                    <div class=\"speaker-img\">\n\t\t\t\t\t\t                            <img decoding=\"async\" src=\"https:\/\/guitarcz.com\/wp-content\/uploads\/2026\/04\/klokov.png\"\n                                 alt=\"\">\n\t\t\t\t\t\t                        <a href=\"#popup_fd84a974705\"\n                           class=\"view-speaker ts-image-popup\" data-effect=\"mfp-zoom-in\">\n                            <i class=\"icon icon-plus\"><\/i>\n                        <\/a>\n                        <!-- speaker social -->\n                        <div class=\"ts-speakers-social-4 ts-speakers-social\">\n\t\t\t\t\t\t\t\t\t\t\t\t\t\t\t\t\t\t\t\t\t\t                        <\/div>\n                        <!-- speaker social end -->\n                    <\/div>\n                    <div class=\"ts-speaker-info text-left\">\n                        <h3 class=\"ts-title\">\n                            <a href=\"https:\/\/guitarcz.com\/en\/speaker\/igor-klokov\/\"> \n                                Igor Klokov \n                            <\/a>\n                        <\/h3>\n                        <p>\n\t\t\t\t\t\t\tGermany                        <\/p>\n                    <\/div>\n                    <!--- speaker info end -->\n                    <!-- popup start-->\n                    <div id=\"popup_fd84a974705\"\n                         class=\"container ts-speaker-popup mfp-hide\">\n                        <div class=\"row\">\n                            <div class=\"col-lg-6\">\n                                <div class=\"ts-speaker-popup-img\">\n\t\t\t\t\t\t\t\t\t                                        <img decoding=\"async\" src=\"https:\/\/guitarcz.com\/wp-content\/uploads\/2026\/04\/klokov.png\"\n                                             alt=\"\">\n\t\t\t\t\t\t\t\t\t                                <\/div>\n                            <\/div>\n                            <!-- col end-->\n                            <div class=\"col-lg-6\">\n                                <div class=\"ts-speaker-popup-content\">\n                                    <h3 class=\"ts-title\">\n                                        <a href=\"https:\/\/guitarcz.com\/en\/speaker\/igor-klokov\/\"> Igor Klokov <\/a>\n                                    <\/h3>\n                                    <span class=\"speakder-designation\"> Germany<\/span>\n\t\t\t\t\t\t\t\t\t                                        <img decoding=\"async\" src=\"\"\n                                             alt=\"\">\n\t\t\t\t\t\t\t\t\t                                    <p class=\"translation-block\">Igor Klokov is one of the standout personalities of his generation, as evidenced by a number of first prizes from prestigious international competitions: Coria, Sevilla, Lagoa, Koblenz, Brno, Doln\u00fd Kub\u00edn, and second prizes in Alessandria (Pittaluga) and La Herradura (Certamen \u201cAndr\u00e9s Segovia\u201d), among others. He completed his bachelor's degree under Prof. Vladislav Bl\u00e1ha at the Jan\u00e1\u010dek Academy of Music and Performing Arts in Brno, and thanks to competition successes, became the most successful guitar graduate in the history of Janacek Academy of Musa Arts. During his master's studies with Prof. Bl\u00e1ha at JAMU, he also had a study stay in Germany as part of the Erasmus program, where he received a scholarship and completed his master's studies with Prof. Hubert K\u00e4ppel at the Hochschule f\u00fcr Musik in Mainz and further with Prof. Judica\u00ebl Perroy at the Haute \u00c9cole de Musique in Geneva. He is currently pursuing a doctoral degree at the University of Southern California in Los Angeles, where he works as an assistant to Scott Tennant. He has recorded 2 albums: Hommage (2020, ed. AureaVox) and Impermanence (2025, ed. Contrastes Records. Igor regularly performs in several countries around the world, is involved in teaching, leading masterclasses, and serving on juries for international competitions.<\/p>\n                                    <div class=\"ts-speakers-social\">\n\t\t\t\t\t\t\t\t\t\t\t\t\t\t\t\t\t\t\t\t\t\t\t\t\t\t\t\t\t\t\t                                    <\/div>\n                                <\/div>\n                                <!-- ts-speaker-popup-content end-->\n                            <\/div>\n                            <!-- col end-->\n                        <\/div>\n                        <!-- row end-->\n                    <\/div>\n                    <!-- popup end-->\n                <\/div>\n            <\/section>\n            <!-- ts-speaker end  -->\n\t\t\n\n\t\t\t\t\t\t<\/div>\n\t\t\t\t<\/div>\n\t\t\t\t\t<\/div>\n\t\t<\/div>\n\t\t\t\t<div class=\"elementor-column elementor-col-20 elementor-top-column elementor-element elementor-element-9c140f6\" data-id=\"9c140f6\" data-element_type=\"column\" data-e-type=\"column\">\n\t\t\t<div class=\"elementor-widget-wrap elementor-element-populated\">\n\t\t\t\t\t\t<div class=\"elementor-element elementor-element-d109f56 elementor-widget elementor-widget-exhibz-speaker\" data-id=\"d109f56\" data-element_type=\"widget\" data-e-type=\"widget\" data-settings=\"{&quot;ekit_we_effect_on&quot;:&quot;none&quot;}\" data-widget_type=\"exhibz-speaker.default\">\n\t\t\t\t<div class=\"elementor-widget-container\">\n\t\t\t\t\t\t\t\t\n\n\t\t\t\n\t\t\t\n\t\t\t            <section class=\"ts-speakers-style4 ts-speakers speaker-classic\">\n                <div class=\"ts-speaker\" style=\"--speaker-color: #25cd44\">\n                    <div class=\"speaker-img\">\n\t\t\t\t\t\t                            <img decoding=\"async\" src=\"https:\/\/guitarcz.com\/wp-content\/uploads\/2026\/07\/cabalero.png\"\n                                 alt=\"\">\n\t\t\t\t\t\t                        <a href=\"#popup_d109f563362\"\n                           class=\"view-speaker ts-image-popup\" data-effect=\"mfp-zoom-in\">\n                            <i class=\"icon icon-plus\"><\/i>\n                        <\/a>\n                        <!-- speaker social -->\n                        <div class=\"ts-speakers-social-4 ts-speakers-social\">\n\t\t\t\t\t\t\t\t\t\t\t\t\t\t\t\t\t\t\t\t\t\t                        <\/div>\n                        <!-- speaker social end -->\n                    <\/div>\n                    <div class=\"ts-speaker-info text-left\">\n                        <h3 class=\"ts-title\">\n                            <a href=\"https:\/\/guitarcz.com\/en\/speaker\/jorge-caballero\/\"> \n                                Jorge Caballero \n                            <\/a>\n                        <\/h3>\n                        <p>\n\t\t\t\t\t\t\tPeru - USA                        <\/p>\n                    <\/div>\n                    <!--- speaker info end -->\n                    <!-- popup start-->\n                    <div id=\"popup_d109f563362\"\n                         class=\"container ts-speaker-popup mfp-hide\">\n                        <div class=\"row\">\n                            <div class=\"col-lg-6\">\n                                <div class=\"ts-speaker-popup-img\">\n\t\t\t\t\t\t\t\t\t                                        <img decoding=\"async\" src=\"https:\/\/guitarcz.com\/wp-content\/uploads\/2026\/07\/cabalero.png\"\n                                             alt=\"\">\n\t\t\t\t\t\t\t\t\t                                <\/div>\n                            <\/div>\n                            <!-- col end-->\n                            <div class=\"col-lg-6\">\n                                <div class=\"ts-speaker-popup-content\">\n                                    <h3 class=\"ts-title\">\n                                        <a href=\"https:\/\/guitarcz.com\/en\/speaker\/jorge-caballero\/\"> Jorge Caballero <\/a>\n                                    <\/h3>\n                                    <span class=\"speakder-designation\"> Peru - USA<\/span>\n\t\t\t\t\t\t\t\t\t                                        <img decoding=\"async\" src=\"\"\n                                             alt=\"\">\n\t\t\t\t\t\t\t\t\t                                    <p class=\"translation-block\">Jorge Caballero has accrued wide recognition as one of the most important guitarists in history, being the recipient of several international awards, and performing in recitals, chamber music and as a soloist around the world. Born into a musical family. Caballero began his guitar studies at the age of 10 at the Preparatory Division of the National Conservatory of Music in Lima, Peru. From the age of 12, he participated in several prestigious competitions, which he turned into a first prize, and as the youngest musician and the only guitarist, he received the first prize at the Walter W. Naumburg International Competition in New York.\nCaballero is notorious for adapting and performing masterworks originally written for piano or orchestra, among which we find Mussorgsky\u2019s Pictures at an Exhibition, Dvorak\u2019s New World Symphony, Debussy\u2019s Children\u2019s Corner Suite to name a few. \nSince his first solo recital at age thirteen, Caballero has given numerous concerts throughout the world, including performances at Lincoln Center, Carnegie Hall and the Library of Congress, and as a soloist with the Los Angeles Philharmonic, Orchestra of St. Luke\u2019s, New York\u2019s Chamber Ensemble and Turkey\u2019s Presidential Symphony. \nRecently, Caballero\u2019s composition titled \u201cO King Dreaming\u201dreceived the top prize in the GuitarArt International Festival in Miami. He currently teaches at the University of Toronto in Canada, and is Honorary Professor at the National University of Music in Lima, Peru.<\/p>\n                                    <div class=\"ts-speakers-social\">\n\t\t\t\t\t\t\t\t\t\t\t\t\t\t\t\t\t\t\t\t\t\t\t\t\t\t\t\t\t\t\t                                    <\/div>\n                                <\/div>\n                                <!-- ts-speaker-popup-content end-->\n                            <\/div>\n                            <!-- col end-->\n                        <\/div>\n                        <!-- row end-->\n                    <\/div>\n                    <!-- popup end-->\n                <\/div>\n            <\/section>\n            <!-- ts-speaker end  -->\n\t\t\n\n\t\t\t\t\t\t<\/div>\n\t\t\t\t<\/div>\n\t\t\t\t\t<\/div>\n\t\t<\/div>\n\t\t\t\t<div class=\"elementor-column elementor-col-20 elementor-top-column elementor-element elementor-element-e061eb1\" data-id=\"e061eb1\" data-element_type=\"column\" data-e-type=\"column\">\n\t\t\t<div class=\"elementor-widget-wrap elementor-element-populated\">\n\t\t\t\t\t\t<div class=\"elementor-element elementor-element-d754ecd elementor-widget elementor-widget-exhibz-speaker\" data-id=\"d754ecd\" data-element_type=\"widget\" data-e-type=\"widget\" data-settings=\"{&quot;ekit_we_effect_on&quot;:&quot;none&quot;}\" data-widget_type=\"exhibz-speaker.default\">\n\t\t\t\t<div class=\"elementor-widget-container\">\n\t\t\t\t\t\t\t\t\n\n\t\t\t\n\t\t\t\n\t\t\t            <section class=\"ts-speakers-style4 ts-speakers speaker-classic\">\n                <div class=\"ts-speaker\" style=\"--speaker-color: #25CD44\">\n                    <div class=\"speaker-img\">\n\t\t\t\t\t\t                            <img decoding=\"async\" src=\"https:\/\/guitarcz.com\/wp-content\/uploads\/2026\/07\/roth.png\"\n                                 alt=\"\">\n\t\t\t\t\t\t                        <a href=\"#popup_d754ecd4707\"\n                           class=\"view-speaker ts-image-popup\" data-effect=\"mfp-zoom-in\">\n                            <i class=\"icon icon-plus\"><\/i>\n                        <\/a>\n                        <!-- speaker social -->\n                        <div class=\"ts-speakers-social-4 ts-speakers-social\">\n\t\t\t\t\t\t\t\t\t\t\t\t\t\t\t\t\t\t\t\t\t\t                        <\/div>\n                        <!-- speaker social end -->\n                    <\/div>\n                    <div class=\"ts-speaker-info text-left\">\n                        <h3 class=\"ts-title\">\n                            <a href=\"https:\/\/guitarcz.com\/en\/speaker\/tali-roth\/\"> \n                                Tali Roth \n                            <\/a>\n                        <\/h3>\n                        <p>\n\t\t\t\t\t\t\tUSA                        <\/p>\n                    <\/div>\n                    <!--- speaker info end -->\n                    <!-- popup start-->\n                    <div id=\"popup_d754ecd4707\"\n                         class=\"container ts-speaker-popup mfp-hide\">\n                        <div class=\"row\">\n                            <div class=\"col-lg-6\">\n                                <div class=\"ts-speaker-popup-img\">\n\t\t\t\t\t\t\t\t\t                                        <img decoding=\"async\" src=\"https:\/\/guitarcz.com\/wp-content\/uploads\/2026\/07\/roth.png\"\n                                             alt=\"\">\n\t\t\t\t\t\t\t\t\t                                <\/div>\n                            <\/div>\n                            <!-- col end-->\n                            <div class=\"col-lg-6\">\n                                <div class=\"ts-speaker-popup-content\">\n                                    <h3 class=\"ts-title\">\n                                        <a href=\"https:\/\/guitarcz.com\/en\/speaker\/tali-roth\/\"> Tali Roth <\/a>\n                                    <\/h3>\n                                    <span class=\"speakder-designation\"> USA<\/span>\n\t\t\t\t\t\t\t\t\t                                        <img decoding=\"async\" src=\"\"\n                                             alt=\"\">\n\t\t\t\t\t\t\t\t\t                                    <p class=\"translation-block\">Tali Roth has been hailed by Classical Guitar Magazine as &quot;an\nextraordinary solo and chamber musician\u201d. Her past to engagements include performing on the\nsoundtrack for Woody Allen\u2019s 2010 film. Since her Carnegie Hall debut, she has performed as a\nsoloist throughout the USA, Canada, Europe, Latin America, Japan and Israel, appearing in\nsuch venues as Carnegie Hall, Lincoln Center and others. She has won Top Prize in all\ncategories at the Twenty-Third Masterplayers Music and Conductors Competition in Switzerland\nand the New York Artist International Competition Award. She graduate of the Jerusalem Rubin\nAcademy and The Juilliard School with Sharon Isbin. She has led the NYU Guitar Department\nfrom 2008-2011, has been the head of the guitar program at Juilliard Pre-College since 2005\nand the Narnia Festival in Italy since 2012.<\/p>\n                                    <div class=\"ts-speakers-social\">\n\t\t\t\t\t\t\t\t\t\t\t\t\t\t\t\t\t\t\t\t\t\t\t\t\t\t\t\t\t\t\t                                    <\/div>\n                                <\/div>\n                                <!-- ts-speaker-popup-content end-->\n                            <\/div>\n                            <!-- col end-->\n                        <\/div>\n                        <!-- row end-->\n                    <\/div>\n                    <!-- popup end-->\n                <\/div>\n            <\/section>\n            <!-- ts-speaker end  -->\n\t\t\n\n\t\t\t\t\t\t<\/div>\n\t\t\t\t<\/div>\n\t\t\t\t\t<\/div>\n\t\t<\/div>\n\t\t\t\t\t<\/div>\n\t\t<\/section>\n\t\t\t\t<section class=\"elementor-section elementor-top-section elementor-element elementor-element-d05ae86 elementor-section-boxed elementor-section-height-default elementor-section-height-default\" data-id=\"d05ae86\" data-element_type=\"section\" data-e-type=\"section\" data-settings=\"{&quot;background_background&quot;:&quot;classic&quot;}\">\n\t\t\t\t\t\t<div class=\"elementor-container elementor-column-gap-default\">\n\t\t\t\t\t<div class=\"elementor-column elementor-col-20 elementor-top-column elementor-element elementor-element-68f35ac\" data-id=\"68f35ac\" data-element_type=\"column\" data-e-type=\"column\">\n\t\t\t<div class=\"elementor-widget-wrap elementor-element-populated\">\n\t\t\t\t\t\t<div class=\"elementor-element elementor-element-bb02e88 elementor-widget elementor-widget-exhibz-speaker\" data-id=\"bb02e88\" data-element_type=\"widget\" data-e-type=\"widget\" data-settings=\"{&quot;ekit_we_effect_on&quot;:&quot;none&quot;}\" data-widget_type=\"exhibz-speaker.default\">\n\t\t\t\t<div class=\"elementor-widget-container\">\n\t\t\t\t\t\t\t\t\n\n\t\t\t\n\t\t\t\n\t\t\t            <section class=\"ts-speakers-style4 ts-speakers speaker-classic\">\n                <div class=\"ts-speaker\" style=\"--speaker-color: #25CD44\">\n                    <div class=\"speaker-img\">\n\t\t\t\t\t\t                            <img decoding=\"async\" src=\"https:\/\/guitarcz.com\/wp-content\/uploads\/2026\/06\/placehod.png\"\n                                 alt=\"\">\n\t\t\t\t\t\t                        <a href=\"#popup_bb02e884834\"\n                           class=\"view-speaker ts-image-popup\" data-effect=\"mfp-zoom-in\">\n                            <i class=\"icon icon-plus\"><\/i>\n                        <\/a>\n                        <!-- speaker social -->\n                        <div class=\"ts-speakers-social-4 ts-speakers-social\">\n\t\t\t\t\t\t\t\t\t\t\t\t\t\t\t\t\t\t\t\t\t\t                        <\/div>\n                        <!-- speaker social end -->\n                    <\/div>\n                    <div class=\"ts-speaker-info text-left\">\n                        <h3 class=\"ts-title\">\n                            <a href=\"https:\/\/guitarcz.com\/en\/speaker\/manuel-alonso\/\"> \n                                Manuel Alonso &#8211; flamenco \n                            <\/a>\n                        <\/h3>\n                        <p>\n\t\t\t\t\t\t\tAndorra                        <\/p>\n                    <\/div>\n                    <!--- speaker info end -->\n                    <!-- popup start-->\n                    <div id=\"popup_bb02e884834\"\n                         class=\"container ts-speaker-popup mfp-hide\">\n                        <div class=\"row\">\n                            <div class=\"col-lg-6\">\n                                <div class=\"ts-speaker-popup-img\">\n\t\t\t\t\t\t\t\t\t                                        <img decoding=\"async\" src=\"https:\/\/guitarcz.com\/wp-content\/uploads\/2026\/06\/placehod.png\"\n                                             alt=\"\">\n\t\t\t\t\t\t\t\t\t                                <\/div>\n                            <\/div>\n                            <!-- col end-->\n                            <div class=\"col-lg-6\">\n                                <div class=\"ts-speaker-popup-content\">\n                                    <h3 class=\"ts-title\">\n                                        <a href=\"https:\/\/guitarcz.com\/en\/speaker\/manuel-alonso\/\"> Manuel Alonso &#8211; flamenco <\/a>\n                                    <\/h3>\n                                    <span class=\"speakder-designation\"> Andorra<\/span>\n\t\t\t\t\t\t\t\t\t                                        <img decoding=\"async\" src=\"\"\n                                             alt=\"\">\n\t\t\t\t\t\t\t\t\t                                    <p class=\"translation-block\">Manuel Alonso is a brilliant Flamenco guitarist based in the small state Andorra,\nclose to Barcelona, Spain. He obtained a higher degree in flamenco from the\nSuperior School of Music of Catalonia (ESMUC) where he studied with Flamenco\ngreats Rafael Ca\u00f1izares, Juan Manuel Ca\u00f1izares and Juan Ram\u00f3n Caro.\nInternationally recognized for his distinctive artistic voice and refined musicianship,\nManuel has performed in over 30 countries across Europe, Southeast Asia, the\nMiddle East, and the Americas, appearing in major festivals, concert halls, and\ninternational cultural stages. In 2023, he was invited by legendary guitarist Al Di\nMeola to perform as a special guest, marking a defining moment in his international\ncareer. His versatile career takes in work as a composer, arranger, performer and\nfestival director. This marks his IGFB debut.<\/p>\n                                    <div class=\"ts-speakers-social\">\n\t\t\t\t\t\t\t\t\t\t\t\t\t\t\t\t\t\t\t\t\t\t\t\t\t\t\t\t\t\t\t                                    <\/div>\n                                <\/div>\n                                <!-- ts-speaker-popup-content end-->\n                            <\/div>\n                            <!-- col end-->\n                        <\/div>\n                        <!-- row end-->\n                    <\/div>\n                    <!-- popup end-->\n                <\/div>\n            <\/section>\n            <!-- ts-speaker end  -->\n\t\t\n\n\t\t\t\t\t\t<\/div>\n\t\t\t\t<\/div>\n\t\t\t\t\t<\/div>\n\t\t<\/div>\n\t\t\t\t<div class=\"elementor-column elementor-col-20 elementor-top-column elementor-element elementor-element-e0cc025\" data-id=\"e0cc025\" data-element_type=\"column\" data-e-type=\"column\">\n\t\t\t<div class=\"elementor-widget-wrap elementor-element-populated\">\n\t\t\t\t\t\t<div class=\"elementor-element elementor-element-69d2ce1 elementor-widget elementor-widget-exhibz-speaker\" data-id=\"69d2ce1\" data-element_type=\"widget\" data-e-type=\"widget\" data-settings=\"{&quot;ekit_we_effect_on&quot;:&quot;none&quot;}\" data-widget_type=\"exhibz-speaker.default\">\n\t\t\t\t<div class=\"elementor-widget-container\">\n\t\t\t\t\t\t\t\t\n\n\t\t\t\n\t\t\t\n\t\t\t            <section class=\"ts-speakers-style4 ts-speakers speaker-classic\">\n                <div class=\"ts-speaker\" style=\"--speaker-color: #25CD44\">\n                    <div class=\"speaker-img\">\n\t\t\t\t\t\t                            <img decoding=\"async\" src=\"https:\/\/guitarcz.com\/wp-content\/uploads\/2026\/04\/darko.png\"\n                                 alt=\"\">\n\t\t\t\t\t\t                        <a href=\"#popup_69d2ce14723\"\n                           class=\"view-speaker ts-image-popup\" data-effect=\"mfp-zoom-in\">\n                            <i class=\"icon icon-plus\"><\/i>\n                        <\/a>\n                        <!-- speaker social -->\n                        <div class=\"ts-speakers-social-4 ts-speakers-social\">\n\t\t\t\t\t\t\t\t\t\t\t\t\t\t\t\t\t\t\t\t\t\t                        <\/div>\n                        <!-- speaker social end -->\n                    <\/div>\n                    <div class=\"ts-speaker-info text-left\">\n                        <h3 class=\"ts-title\">\n                            <a href=\"https:\/\/guitarcz.com\/en\/speaker\/darko-nikcevic\/\"> \n                                Darko Nikcevic \n                            <\/a>\n                        <\/h3>\n                        <p>\n\t\t\t\t\t\t\tMontenegro                        <\/p>\n                    <\/div>\n                    <!--- speaker info end -->\n                    <!-- popup start-->\n                    <div id=\"popup_69d2ce14723\"\n                         class=\"container ts-speaker-popup mfp-hide\">\n                        <div class=\"row\">\n                            <div class=\"col-lg-6\">\n                                <div class=\"ts-speaker-popup-img\">\n\t\t\t\t\t\t\t\t\t                                        <img decoding=\"async\" src=\"https:\/\/guitarcz.com\/wp-content\/uploads\/2026\/04\/darko.png\"\n                                             alt=\"\">\n\t\t\t\t\t\t\t\t\t                                <\/div>\n                            <\/div>\n                            <!-- col end-->\n                            <div class=\"col-lg-6\">\n                                <div class=\"ts-speaker-popup-content\">\n                                    <h3 class=\"ts-title\">\n                                        <a href=\"https:\/\/guitarcz.com\/en\/speaker\/darko-nikcevic\/\"> Darko Nikcevic <\/a>\n                                    <\/h3>\n                                    <span class=\"speakder-designation\"> Montenegro<\/span>\n\t\t\t\t\t\t\t\t\t                                        <img decoding=\"async\" src=\"\"\n                                             alt=\"\">\n\t\t\t\t\t\t\t\t\t                                    <p class=\"translation-block\">Duo Sr\u0111an Bulatovi\u0107 &amp; Darko Nik\u010devi\u0107 has earned international recognition for their exceptional virtuosity\nand dynamic performances, particularly for their two highly acclaimed concerts at Carnegie Hall in New York\nin 2016 and 2017. Their unique blend of Balkan irregular rhythms and diverse international influences reflects\nthe beauty of the Mediterranean and the mysticism of the Orient. The duo has performed together for over 30\nyears, captivating audiences across the world in the USA, Russia, UK, Serbia and most of European\ncountries. Their compositions are distinguished by their diversity in style, technique, rhythm, and tempo, while\nmaintaining a foundation rooted in Montenegrin traditional music, world music, film scores, and contemporary\nmovements.\nDuo Released 10 CD \u0301s and albums for Naxos Records and other companies.\nTheir music has received praise from prominent international music magazines such as American Record\nGuide, Akustik Gitarre, Ritmo, Chitarre, and MusicWeb International. They have also been featured on\neditorial playlists by Apple Music, including The Guitar, which is the most representative collection of classical\nguitar music and features the most significant works, performers, and composers of contemporary guitar.\nTheir compositions have been played on radio stations worldwide, including BBC in USA Canada, Germany,\nand Philippines).\nAdditionally, two of their compositions were included in the compilation album Comfortable Guitar, released by\nNaxos Japan. The duo has also had 14 of their original compositions published by Naxos Sheet Music\nPublishing, becoming the first composers from the region to be included in this prestigious global sheet music\ncatalog. Their page on the Naxos Publishing website includes biographies and descriptions of their works:\nhttp:\/\/publishing.naxos.com\/pages\/guitar-duo-srdjan-bulatovic-darko-nikcevic . They are the composers of the\nballet Mediterranean, the Fantasia concertante for two guitars and orchestra The Secret, and Europe\nSymphony.\nIn recognition of their artistic contributions, Sr\u0111an Bulatovi\u0107 and Darko Nik\u010devi\u0107 received Montenegro's\nhighest state honor, the Thirteenth of July Award.<\/p>\n                                    <div class=\"ts-speakers-social\">\n\t\t\t\t\t\t\t\t\t\t\t\t\t\t\t\t\t\t\t\t\t\t\t\t\t\t\t\t\t\t\t                                    <\/div>\n                                <\/div>\n                                <!-- ts-speaker-popup-content end-->\n                            <\/div>\n                            <!-- col end-->\n                        <\/div>\n                        <!-- row end-->\n                    <\/div>\n                    <!-- popup end-->\n                <\/div>\n            <\/section>\n            <!-- ts-speaker end  -->\n\t\t\n\n\t\t\t\t\t\t<\/div>\n\t\t\t\t<\/div>\n\t\t\t\t\t<\/div>\n\t\t<\/div>\n\t\t\t\t<div class=\"elementor-column elementor-col-20 elementor-top-column elementor-element elementor-element-2bb7348\" data-id=\"2bb7348\" data-element_type=\"column\" data-e-type=\"column\">\n\t\t\t<div class=\"elementor-widget-wrap elementor-element-populated\">\n\t\t\t\t\t\t<div class=\"elementor-element elementor-element-e0fdd7e elementor-widget elementor-widget-exhibz-speaker\" data-id=\"e0fdd7e\" data-element_type=\"widget\" data-e-type=\"widget\" data-settings=\"{&quot;ekit_we_effect_on&quot;:&quot;none&quot;}\" data-widget_type=\"exhibz-speaker.default\">\n\t\t\t\t<div class=\"elementor-widget-container\">\n\t\t\t\t\t\t\t\t\n\n\t\t\t\n\t\t\t\n\t\t\t            <section class=\"ts-speakers-style4 ts-speakers speaker-classic\">\n                <div class=\"ts-speaker\" style=\"--speaker-color: #25CD44\">\n                    <div class=\"speaker-img\">\n\t\t\t\t\t\t                            <img decoding=\"async\" src=\"https:\/\/guitarcz.com\/wp-content\/uploads\/2026\/04\/stela.png\"\n                                 alt=\"\">\n\t\t\t\t\t\t                        <a href=\"#popup_e0fdd7e4726\"\n                           class=\"view-speaker ts-image-popup\" data-effect=\"mfp-zoom-in\">\n                            <i class=\"icon icon-plus\"><\/i>\n                        <\/a>\n                        <!-- speaker social -->\n                        <div class=\"ts-speakers-social-4 ts-speakers-social\">\n\t\t\t\t\t\t\t\t\t\t\t\t\t\t\t\t\t\t\t\t\t\t                        <\/div>\n                        <!-- speaker social end -->\n                    <\/div>\n                    <div class=\"ts-speaker-info text-left\">\n                        <h3 class=\"ts-title\">\n                            <a href=\"https:\/\/guitarcz.com\/en\/speaker\/stela-dinkova\/\"> \n                                Stela Dinkova \n                            <\/a>\n                        <\/h3>\n                        <p>\n\t\t\t\t\t\t\tBulgaria                        <\/p>\n                    <\/div>\n                    <!--- speaker info end -->\n                    <!-- popup start-->\n                    <div id=\"popup_e0fdd7e4726\"\n                         class=\"container ts-speaker-popup mfp-hide\">\n                        <div class=\"row\">\n                            <div class=\"col-lg-6\">\n                                <div class=\"ts-speaker-popup-img\">\n\t\t\t\t\t\t\t\t\t                                        <img decoding=\"async\" src=\"https:\/\/guitarcz.com\/wp-content\/uploads\/2026\/04\/stela.png\"\n                                             alt=\"\">\n\t\t\t\t\t\t\t\t\t                                <\/div>\n                            <\/div>\n                            <!-- col end-->\n                            <div class=\"col-lg-6\">\n                                <div class=\"ts-speaker-popup-content\">\n                                    <h3 class=\"ts-title\">\n                                        <a href=\"https:\/\/guitarcz.com\/en\/speaker\/stela-dinkova\/\"> Stela Dinkova <\/a>\n                                    <\/h3>\n                                    <span class=\"speakder-designation\"> Bulgaria<\/span>\n\t\t\t\t\t\t\t\t\t                                        <img decoding=\"async\" src=\"\"\n                                             alt=\"\">\n\t\t\t\t\t\t\t\t\t                                    <p class=\"translation-block\">Stela Miteva-Dinkova, Bulgaria studied guitar with her father Blagoje Mitev, as well as with Dobri Hristov and Lyuben Charalambiev. She graduated from the Academy of Music and Dance in Plovdiv and attended masterclasses with Abel Carlevaro, Martin Rene, Nikita Koshkin, George Vassilev, and others. Since 1996, she has been teaching at the Academy of Music, Dance, and Fine Arts in Plovdiv, where she was appointed professor in 2019. She has won first prizes at competitions in Dobrich, Albena, and Plovdiv. She has performed across Europe, America, and Africa, presenting works by Bulgarian composers. She is a soloist with orchestras in Plovdiv, Pleven, Pazardzhik, and Blagoevgrad. She is the chair of the 'Guitar-Plovdiv' Association and artistic director of the International Youth Festival 'Crossroad' in Plovdiv. She leads the guitar ensemble 'Academica,' which has won 10 awards at international competitions in Bulgaria, Greece, and Serbia, and has performed in London, Warsaw, and Paris.<\/p>\n                                    <div class=\"ts-speakers-social\">\n\t\t\t\t\t\t\t\t\t\t\t\t\t\t\t\t\t\t\t\t\t\t\t\t\t\t\t\t\t\t\t                                    <\/div>\n                                <\/div>\n                                <!-- ts-speaker-popup-content end-->\n                            <\/div>\n                            <!-- col end-->\n                        <\/div>\n                        <!-- row end-->\n                    <\/div>\n                    <!-- popup end-->\n                <\/div>\n            <\/section>\n            <!-- ts-speaker end  -->\n\t\t\n\n\t\t\t\t\t\t<\/div>\n\t\t\t\t<\/div>\n\t\t\t\t\t<\/div>\n\t\t<\/div>\n\t\t\t\t<div class=\"elementor-column elementor-col-20 elementor-top-column elementor-element elementor-element-cdc62f6\" data-id=\"cdc62f6\" data-element_type=\"column\" data-e-type=\"column\">\n\t\t\t<div class=\"elementor-widget-wrap elementor-element-populated\">\n\t\t\t\t\t\t<div class=\"elementor-element elementor-element-30b6996 elementor-widget elementor-widget-exhibz-speaker\" data-id=\"30b6996\" data-element_type=\"widget\" data-e-type=\"widget\" data-settings=\"{&quot;ekit_we_effect_on&quot;:&quot;none&quot;}\" data-widget_type=\"exhibz-speaker.default\">\n\t\t\t\t<div class=\"elementor-widget-container\">\n\t\t\t\t\t\t\t\t\n\n\t\t\t\n\t\t\t\n\t\t\t            <section class=\"ts-speakers-style4 ts-speakers speaker-classic\">\n                <div class=\"ts-speaker\" style=\"--speaker-color: #25CD44\">\n                    <div class=\"speaker-img\">\n\t\t\t\t\t\t                            <img decoding=\"async\" src=\"https:\/\/guitarcz.com\/wp-content\/uploads\/2025\/05\/usa.png\"\n                                 alt=\"\">\n\t\t\t\t\t\t                        <a href=\"#popup_30b69964452\"\n                           class=\"view-speaker ts-image-popup\" data-effect=\"mfp-zoom-in\">\n                            <i class=\"icon icon-plus\"><\/i>\n                        <\/a>\n                        <!-- speaker social -->\n                        <div class=\"ts-speakers-social-4 ts-speakers-social\">\n\t\t\t\t\t\t\t\t\t\t\t\t\t\t\t\t\t\t\t\t\t\t                        <\/div>\n                        <!-- speaker social end -->\n                    <\/div>\n                    <div class=\"ts-speaker-info text-left\">\n                        <h3 class=\"ts-title\">\n                            <a href=\"https:\/\/guitarcz.com\/en\/speaker\/maoz-ezra\/\"> \n                                Maoz Ezra \n                            <\/a>\n                        <\/h3>\n                        <p>\n\t\t\t\t\t\t\tUSA                        <\/p>\n                    <\/div>\n                    <!--- speaker info end -->\n                    <!-- popup start-->\n                    <div id=\"popup_30b69964452\"\n                         class=\"container ts-speaker-popup mfp-hide\">\n                        <div class=\"row\">\n                            <div class=\"col-lg-6\">\n                                <div class=\"ts-speaker-popup-img\">\n\t\t\t\t\t\t\t\t\t                                        <img decoding=\"async\" src=\"https:\/\/guitarcz.com\/wp-content\/uploads\/2025\/05\/usa.png\"\n                                             alt=\"\">\n\t\t\t\t\t\t\t\t\t                                <\/div>\n                            <\/div>\n                            <!-- col end-->\n                            <div class=\"col-lg-6\">\n                                <div class=\"ts-speaker-popup-content\">\n                                    <h3 class=\"ts-title\">\n                                        <a href=\"https:\/\/guitarcz.com\/en\/speaker\/maoz-ezra\/\"> Maoz Ezra <\/a>\n                                    <\/h3>\n                                    <span class=\"speakder-designation\"> USA<\/span>\n\t\t\t\t\t\t\t\t\t                                        <img decoding=\"async\" src=\"\"\n                                             alt=\"\">\n\t\t\t\t\t\t\t\t\t                                    <p class=\"translation-block\">Maoz Ezra studied at the Ecole Normale de Musique in Paris and at the Manhattan School of Music in New York. In 2009 he won the Artists International Presentation Award for recital at Carnegie Hall. He has performed in the USA, Europe and Israel. EzraGuitar Publications has published a number of his methodological books and arrangements for guitar. Maoz Ezra and his wife Leilah Dione Ezra - soprano), founded The Ezra Guitar Conservatory in New York in 2008, which is unique in expanding classical guitar instruction from the age of 4 with Maoz Ezra's innovative teaching method. The concert will feature the EzraGuitar Student Quintet: Luciana Alwa, Kyle LaMarita, Beatrice Luna, Liam MacLellan and Charlotte McGuiness, all of them 14- and 15-year-old students, who have been studying here since early childhood \u2013 along Maoz Ezra, and faculty member Jordan Dodson, ensemble director. Jordan Dodson described in Performance Today as \"one of the best young guitarists of his generation\" graduated from the Manhattan School of Music in New York and the Curtis Institute of Music (PA) and has performed and recorded in leading halls in the USA.<\/p>\n                                    <div class=\"ts-speakers-social\">\n\t\t\t\t\t\t\t\t\t\t\t\t\t\t\t\t\t\t\t\t\t\t\t\t\t\t\t\t\t\t\t                                    <\/div>\n                                <\/div>\n                                <!-- ts-speaker-popup-content end-->\n                            <\/div>\n                            <!-- col end-->\n                        <\/div>\n                        <!-- row end-->\n                    <\/div>\n                    <!-- popup end-->\n                <\/div>\n            <\/section>\n            <!-- ts-speaker end  -->\n\t\t\n\n\t\t\t\t\t\t<\/div>\n\t\t\t\t<\/div>\n\t\t\t\t\t<\/div>\n\t\t<\/div>\n\t\t\t\t<div class=\"elementor-column elementor-col-20 elementor-top-column elementor-element elementor-element-cfd3018\" data-id=\"cfd3018\" data-element_type=\"column\" data-e-type=\"column\">\n\t\t\t<div class=\"elementor-widget-wrap elementor-element-populated\">\n\t\t\t\t\t\t<div class=\"elementor-element elementor-element-0012d34 elementor-widget elementor-widget-exhibz-speaker\" data-id=\"0012d34\" data-element_type=\"widget\" data-e-type=\"widget\" data-settings=\"{&quot;ekit_we_effect_on&quot;:&quot;none&quot;}\" data-widget_type=\"exhibz-speaker.default\">\n\t\t\t\t<div class=\"elementor-widget-container\">\n\t\t\t\t\t\t\t\t\n\n\t\t\t\n\t\t\t\n\t\t\t            <section class=\"ts-speakers-style4 ts-speakers speaker-classic\">\n                <div class=\"ts-speaker\" style=\"--speaker-color: #25CD44\">\n                    <div class=\"speaker-img\">\n\t\t\t\t\t\t                            <img decoding=\"async\" src=\"https:\/\/guitarcz.com\/wp-content\/uploads\/2026\/06\/placehod1-1.png\"\n                                 alt=\"\">\n\t\t\t\t\t\t                        <a href=\"#popup_0012d344859\"\n                           class=\"view-speaker ts-image-popup\" data-effect=\"mfp-zoom-in\">\n                            <i class=\"icon icon-plus\"><\/i>\n                        <\/a>\n                        <!-- speaker social -->\n                        <div class=\"ts-speakers-social-4 ts-speakers-social\">\n\t\t\t\t\t\t\t\t\t\t\t\t\t\t\t\t\t\t\t\t\t\t                        <\/div>\n                        <!-- speaker social end -->\n                    <\/div>\n                    <div class=\"ts-speaker-info text-left\">\n                        <h3 class=\"ts-title\">\n                            <a href=\"https:\/\/guitarcz.com\/en\/speaker\/eduardo-pascual-2\/\"> \n                                Eduardo Pascual \n                            <\/a>\n                        <\/h3>\n                        <p>\n\t\t\t\t\t\t\tSpain                        <\/p>\n                    <\/div>\n                    <!--- speaker info end -->\n                    <!-- popup start-->\n                    <div id=\"popup_0012d344859\"\n                         class=\"container ts-speaker-popup mfp-hide\">\n                        <div class=\"row\">\n                            <div class=\"col-lg-6\">\n                                <div class=\"ts-speaker-popup-img\">\n\t\t\t\t\t\t\t\t\t                                        <img decoding=\"async\" src=\"https:\/\/guitarcz.com\/wp-content\/uploads\/2026\/06\/placehod1-1.png\"\n                                             alt=\"\">\n\t\t\t\t\t\t\t\t\t                                <\/div>\n                            <\/div>\n                            <!-- col end-->\n                            <div class=\"col-lg-6\">\n                                <div class=\"ts-speaker-popup-content\">\n                                    <h3 class=\"ts-title\">\n                                        <a href=\"https:\/\/guitarcz.com\/en\/speaker\/eduardo-pascual-2\/\"> Eduardo Pascual <\/a>\n                                    <\/h3>\n                                    <span class=\"speakder-designation\"> Spain<\/span>\n\t\t\t\t\t\t\t\t\t                                        <img decoding=\"async\" src=\"\"\n                                             alt=\"\">\n\t\t\t\t\t\t\t\t\t                                    <p>\n\t\t\t\t\t\t\t\t\t\t                                    <\/p>\n                                    <div class=\"ts-speakers-social\">\n\t\t\t\t\t\t\t\t\t\t\t\t\t\t\t\t\t\t\t\t\t\t\t\t\t\t\t\t\t\t\t                                    <\/div>\n                                <\/div>\n                                <!-- ts-speaker-popup-content end-->\n                            <\/div>\n                            <!-- col end-->\n                        <\/div>\n                        <!-- row end-->\n                    <\/div>\n                    <!-- popup end-->\n                <\/div>\n            <\/section>\n            <!-- ts-speaker end  -->\n\t\t\n\n\t\t\t\t\t\t<\/div>\n\t\t\t\t<\/div>\n\t\t\t\t\t<\/div>\n\t\t<\/div>\n\t\t\t\t\t<\/div>\n\t\t<\/section>\n\t\t\t\t<section class=\"elementor-section elementor-top-section elementor-element elementor-element-1ceb24c elementor-section-boxed elementor-section-height-default elementor-section-height-default\" data-id=\"1ceb24c\" data-element_type=\"section\" data-e-type=\"section\" data-settings=\"{&quot;background_background&quot;:&quot;classic&quot;}\">\n\t\t\t\t\t\t<div class=\"elementor-container elementor-column-gap-default\">\n\t\t\t\t\t<div class=\"elementor-column elementor-col-20 elementor-top-column elementor-element elementor-element-2b3a091\" data-id=\"2b3a091\" data-element_type=\"column\" data-e-type=\"column\">\n\t\t\t<div class=\"elementor-widget-wrap elementor-element-populated\">\n\t\t\t\t\t\t<div class=\"elementor-element elementor-element-aa44224 elementor-widget elementor-widget-exhibz-speaker\" data-id=\"aa44224\" data-element_type=\"widget\" data-e-type=\"widget\" data-settings=\"{&quot;ekit_we_effect_on&quot;:&quot;none&quot;}\" data-widget_type=\"exhibz-speaker.default\">\n\t\t\t\t<div class=\"elementor-widget-container\">\n\t\t\t\t\t\t\t\t\n\n\t\t\t\n\t\t\t\n\t\t\t            <section class=\"ts-speakers-style4 ts-speakers speaker-classic\">\n                <div class=\"ts-speaker\" style=\"--speaker-color: #25CD44\">\n                    <div class=\"speaker-img\">\n\t\t\t\t\t\t                            <img decoding=\"async\" src=\"https:\/\/guitarcz.com\/wp-content\/uploads\/2026\/04\/nigell.png\"\n                                 alt=\"\">\n\t\t\t\t\t\t                        <a href=\"#popup_aa442244710\"\n                           class=\"view-speaker ts-image-popup\" data-effect=\"mfp-zoom-in\">\n                            <i class=\"icon icon-plus\"><\/i>\n                        <\/a>\n                        <!-- speaker social -->\n                        <div class=\"ts-speakers-social-4 ts-speakers-social\">\n\t\t\t\t\t\t\t\t\t\t\t\t\t\t\t\t\t\t\t\t\t\t                        <\/div>\n                        <!-- speaker social end -->\n                    <\/div>\n                    <div class=\"ts-speaker-info text-left\">\n                        <h3 class=\"ts-title\">\n                            <a href=\"https:\/\/guitarcz.com\/en\/speaker\/nigel-north\/\"> \n                                Nigel North \n                            <\/a>\n                        <\/h3>\n                        <p>\n\t\t\t\t\t\t\tGreat Britain                        <\/p>\n                    <\/div>\n                    <!--- speaker info end -->\n                    <!-- popup start-->\n                    <div id=\"popup_aa442244710\"\n                         class=\"container ts-speaker-popup mfp-hide\">\n                        <div class=\"row\">\n                            <div class=\"col-lg-6\">\n                                <div class=\"ts-speaker-popup-img\">\n\t\t\t\t\t\t\t\t\t                                        <img decoding=\"async\" src=\"https:\/\/guitarcz.com\/wp-content\/uploads\/2026\/04\/nigell.png\"\n                                             alt=\"\">\n\t\t\t\t\t\t\t\t\t                                <\/div>\n                            <\/div>\n                            <!-- col end-->\n                            <div class=\"col-lg-6\">\n                                <div class=\"ts-speaker-popup-content\">\n                                    <h3 class=\"ts-title\">\n                                        <a href=\"https:\/\/guitarcz.com\/en\/speaker\/nigel-north\/\"> Nigel North <\/a>\n                                    <\/h3>\n                                    <span class=\"speakder-designation\"> Great Britain<\/span>\n\t\t\t\t\t\t\t\t\t                                        <img decoding=\"async\" src=\"\"\n                                             alt=\"\">\n\t\t\t\t\t\t\t\t\t                                    <p class=\"translation-block\">Born in London, Nigel North has been playing the lute for over 50 years, since the age of 15. Teaching and playing have gone hand in hand and he has been Professor of Lute at the Historical Performance Institute (formerly Early Music Institute), Indiana University, Bloomington (USA) 1999 -2024. From July 2024 he was thrilled to return to Europe, and now lives in Gent, Belgium.\nPrevious positions include The Guildhall School of Music and Drama, London (1976\u20131996), Hochschule der Ku\u0308nste, Berlin (1993\u2013 1999) and the Royal Conservatory, Den Haag, (2006\u20132009). \nInitially inspired at the age of seven by the early 60\u2019s instrumental pop group The Shadows, Nigel North studied classical music through the violin and guitar and eventually discovered his real path in life, the lute. The music of Bach has always been his first love in music, especially after a dream at age 12 in which Bach handed him a lute. \nAfter hearing one of Nigel\u2019s Bach recitals in London, Julian Bream recalled in 2002 : \u201cI remember going to a remarkable recital, one which I wish I had the ability to give: it was one of Nigel North\u2019s Bach recitals, and I was bowled over by how masterful and how musical it was. A real musical experience, something you don\u2019t always get from guitar and lute players and which, in general, is pretty rare.\u201d\nNigel North wrote Continuo playing on the Lute, Archlute and Theorbo (Faber, 1986 and Indiana University Press). More recently in 2024, Le Luth Dore (Paris) published Bach on the Lute, volumes 1 and 2. Transcriptions for baroque lute of BWV 1001-1006, 1007-1012 and the complete works for lute, BWV 999- 1006a. 2026 will see his latest book, Playing with Patterns: 16th century divisions on the lute (Oxford University Press) and a new edition of the complete lute works of John Dowland, Le Luth Dore (Paris).\nRecordings include a four CD boxed set Bach on the, four CDs of the lute music of John Dowland, four CDs of music by Sylvius Weiss and 2 CDs of music by Francesco da Milano. Most recently for \u201cDeux-Elles\u201d a double CD of Bach\u2019s Complete works for lute and other new transcriptions.<\/p>\n                                    <div class=\"ts-speakers-social\">\n\t\t\t\t\t\t\t\t\t\t\t\t\t\t\t\t\t\t\t\t\t\t\t\t\t\t\t\t\t\t\t                                    <\/div>\n                                <\/div>\n                                <!-- ts-speaker-popup-content end-->\n                            <\/div>\n                            <!-- col end-->\n                        <\/div>\n                        <!-- row end-->\n                    <\/div>\n                    <!-- popup end-->\n                <\/div>\n            <\/section>\n            <!-- ts-speaker end  -->\n\t\t\n\n\t\t\t\t\t\t<\/div>\n\t\t\t\t<\/div>\n\t\t\t\t\t<\/div>\n\t\t<\/div>\n\t\t\t\t<div class=\"elementor-column elementor-col-20 elementor-top-column elementor-element elementor-element-e2e733b\" data-id=\"e2e733b\" data-element_type=\"column\" data-e-type=\"column\">\n\t\t\t<div class=\"elementor-widget-wrap elementor-element-populated\">\n\t\t\t\t\t\t<div class=\"elementor-element elementor-element-f6b2d7e elementor-widget elementor-widget-exhibz-speaker\" data-id=\"f6b2d7e\" data-element_type=\"widget\" data-e-type=\"widget\" data-settings=\"{&quot;ekit_we_effect_on&quot;:&quot;none&quot;}\" data-widget_type=\"exhibz-speaker.default\">\n\t\t\t\t<div class=\"elementor-widget-container\">\n\t\t\t\t\t\t\t\t\n\n\t\t\t\n\t\t\t\n\t\t\t            <section class=\"ts-speakers-style4 ts-speakers speaker-classic\">\n                <div class=\"ts-speaker\" style=\"--speaker-color: #25cd44\">\n                    <div class=\"speaker-img\">\n\t\t\t\t\t\t                            <img decoding=\"async\" src=\"https:\/\/guitarcz.com\/wp-content\/uploads\/2026\/07\/blaha.png\"\n                                 alt=\"\">\n\t\t\t\t\t\t                        <a href=\"#popup_f6b2d7e2455\"\n                           class=\"view-speaker ts-image-popup\" data-effect=\"mfp-zoom-in\">\n                            <i class=\"icon icon-plus\"><\/i>\n                        <\/a>\n                        <!-- speaker social -->\n                        <div class=\"ts-speakers-social-4 ts-speakers-social\">\n\t\t\t\t\t\t\t\t\t\t\t\t\t\t\t\t\t\t\t\t\t\t                        <\/div>\n                        <!-- speaker social end -->\n                    <\/div>\n                    <div class=\"ts-speaker-info text-left\">\n                        <h3 class=\"ts-title\">\n                            <a href=\"https:\/\/guitarcz.com\/en\/speaker\/vladislav-blaha\/\"> \n                                Vladislav Bl\u00e1ha \n                            <\/a>\n                        <\/h3>\n                        <p>\n\t\t\t\t\t\t\tCzech Republic                        <\/p>\n                    <\/div>\n                    <!--- speaker info end -->\n                    <!-- popup start-->\n                    <div id=\"popup_f6b2d7e2455\"\n                         class=\"container ts-speaker-popup mfp-hide\">\n                        <div class=\"row\">\n                            <div class=\"col-lg-6\">\n                                <div class=\"ts-speaker-popup-img\">\n\t\t\t\t\t\t\t\t\t                                        <img decoding=\"async\" src=\"https:\/\/guitarcz.com\/wp-content\/uploads\/2026\/07\/blaha.png\"\n                                             alt=\"\">\n\t\t\t\t\t\t\t\t\t                                <\/div>\n                            <\/div>\n                            <!-- col end-->\n                            <div class=\"col-lg-6\">\n                                <div class=\"ts-speaker-popup-content\">\n                                    <h3 class=\"ts-title\">\n                                        <a href=\"https:\/\/guitarcz.com\/en\/speaker\/vladislav-blaha\/\"> Vladislav Bl\u00e1ha <\/a>\n                                    <\/h3>\n                                    <span class=\"speakder-designation\"> Czech Republic<\/span>\n\t\t\t\t\t\t\t\t\t                                        <img decoding=\"async\" src=\"\"\n                                             alt=\"\">\n\t\t\t\t\t\t\t\t\t                                    <p class=\"translation-block\">Vladislav Bl\u00e1ha is one of the most successful Czech guitarists, as evidenced by concerts in 55 countries. He was the first guitarist from the Czech Republic to play recitals at the Royal Festival Hall in London and Carnegie Hall in New York. He won 4 competitions (Kutn\u00e1 Hora, Markneukirchen, Esztergom, Volos) and a bronze medal in the Radio France Competition in Paris. He graduated from the Brno Conservatory and the Hochschule f\u00fcr Musik F. Liszt, Weimar, Germany, and studied with Prof. Gordon Crosskey at the Royal Northern College of Music, Manchester and with John W. Duarte in London. He received his doctorate at the Academy of Performing Arts in Bratislava, habilitated as an associate professor at the Jan\u00e1\u010dek Academy of Music and Performing Arts, where he was appointed a university professor He is a professor at the Jan\u00e1\u010dek Academy of Music and Performing Arts in Brno and the Brno Conservatory, chairman of the Czech Guitar Society and director of the International Guitar Festival Brno. He has released 13 CDs solo and duo and has performed on television and radio in many countries in Europe and overseas.<br>\nWebsite: <a href=\"https:\/\/vlblaha.cz\" target=\"_blank\" rel=\"noopener\">vlblaha.cz<\/a><\/p>\n                                    <div class=\"ts-speakers-social\">\n\t\t\t\t\t\t\t\t\t\t\t\t\t\t\t\t\t\t\t\t\t\t\t\t\t\t\t\t\t\t\t                                    <\/div>\n                                <\/div>\n                                <!-- ts-speaker-popup-content end-->\n                            <\/div>\n                            <!-- col end-->\n                        <\/div>\n                        <!-- row end-->\n                    <\/div>\n                    <!-- popup end-->\n                <\/div>\n            <\/section>\n            <!-- ts-speaker end  -->\n\t\t\n\n\t\t\t\t\t\t<\/div>\n\t\t\t\t<\/div>\n\t\t\t\t\t<\/div>\n\t\t<\/div>\n\t\t\t\t<div class=\"elementor-column elementor-col-20 elementor-top-column elementor-element elementor-element-564086e\" data-id=\"564086e\" data-element_type=\"column\" data-e-type=\"column\">\n\t\t\t<div class=\"elementor-widget-wrap elementor-element-populated\">\n\t\t\t\t\t\t<div class=\"elementor-element elementor-element-5961023 elementor-widget elementor-widget-exhibz-speaker\" data-id=\"5961023\" data-element_type=\"widget\" data-e-type=\"widget\" data-settings=\"{&quot;ekit_we_effect_on&quot;:&quot;none&quot;}\" data-widget_type=\"exhibz-speaker.default\">\n\t\t\t\t<div class=\"elementor-widget-container\">\n\t\t\t\t\t\t\t\t\n\n\t\t\t\n\t\t\t\n\t\t\t            <section class=\"ts-speakers-style4 ts-speakers speaker-classic\">\n                <div class=\"ts-speaker\" style=\"--speaker-color: #25cd44\">\n                    <div class=\"speaker-img\">\n\t\t\t\t\t\t                            <img decoding=\"async\" src=\"https:\/\/guitarcz.com\/wp-content\/uploads\/2026\/07\/tortoreli.png\"\n                                 alt=\"\">\n\t\t\t\t\t\t                        <a href=\"#popup_59610232467\"\n                           class=\"view-speaker ts-image-popup\" data-effect=\"mfp-zoom-in\">\n                            <i class=\"icon icon-plus\"><\/i>\n                        <\/a>\n                        <!-- speaker social -->\n                        <div class=\"ts-speakers-social-4 ts-speakers-social\">\n\t\t\t\t\t\t\t\t\t\t\t\t\t\t\t\t\t\t\t\t\t\t                        <\/div>\n                        <!-- speaker social end -->\n                    <\/div>\n                    <div class=\"ts-speaker-info text-left\">\n                        <h3 class=\"ts-title\">\n                            <a href=\"https:\/\/guitarcz.com\/en\/speaker\/luciano-tortorelli\/\"> \n                                Luciano Tortorelli \n                            <\/a>\n                        <\/h3>\n                        <p>\n\t\t\t\t\t\t\tItaly                        <\/p>\n                    <\/div>\n                    <!--- speaker info end -->\n                    <!-- popup start-->\n                    <div id=\"popup_59610232467\"\n                         class=\"container ts-speaker-popup mfp-hide\">\n                        <div class=\"row\">\n                            <div class=\"col-lg-6\">\n                                <div class=\"ts-speaker-popup-img\">\n\t\t\t\t\t\t\t\t\t                                        <img decoding=\"async\" src=\"https:\/\/guitarcz.com\/wp-content\/uploads\/2026\/07\/tortoreli.png\"\n                                             alt=\"\">\n\t\t\t\t\t\t\t\t\t                                <\/div>\n                            <\/div>\n                            <!-- col end-->\n                            <div class=\"col-lg-6\">\n                                <div class=\"ts-speaker-popup-content\">\n                                    <h3 class=\"ts-title\">\n                                        <a href=\"https:\/\/guitarcz.com\/en\/speaker\/luciano-tortorelli\/\"> Luciano Tortorelli <\/a>\n                                    <\/h3>\n                                    <span class=\"speakder-designation\"> Italy<\/span>\n\t\t\t\t\t\t\t\t\t                                        <img decoding=\"async\" src=\"\"\n                                             alt=\"\">\n\t\t\t\t\t\t\t\t\t                                    <p class=\"translation-block\"><strong>Luciano Tortorelli<\/strong> has performed in numerous prestigious halls around the world, including Carnegie Hall. He publishes sheet music with Chanterelle, Schott, Doberman, and Les Productions d\u2019Oz. His recordings are highly acclaimed internationally in specialized magazines such as Classical Guitar, Seicorde, and Musica, among others. He is a professor at the Conservatorio \u201cG. Martucci\u201d in Salerno. <a href=\"http:\/\/www.lucianotortorelli.com\" target=\"_blank\" rel=\"noopener\">www.lucianotortorelli.com<\/a><\/p>\n                                    <div class=\"ts-speakers-social\">\n\t\t\t\t\t\t\t\t\t\t\t\t\t\t\t\t\t\t\t\t\t\t\t\t\t\t\t\t\t\t\t                                    <\/div>\n                                <\/div>\n                                <!-- ts-speaker-popup-content end-->\n                            <\/div>\n                            <!-- col end-->\n                        <\/div>\n                        <!-- row end-->\n                    <\/div>\n                    <!-- popup end-->\n                <\/div>\n            <\/section>\n            <!-- ts-speaker end  -->\n\t\t\n\n\t\t\t\t\t\t<\/div>\n\t\t\t\t<\/div>\n\t\t\t\t\t<\/div>\n\t\t<\/div>\n\t\t\t\t<div class=\"elementor-column elementor-col-20 elementor-top-column elementor-element elementor-element-3449cae\" data-id=\"3449cae\" data-element_type=\"column\" data-e-type=\"column\">\n\t\t\t<div class=\"elementor-widget-wrap elementor-element-populated\">\n\t\t\t\t\t\t<div class=\"elementor-element elementor-element-efccad3 elementor-widget elementor-widget-exhibz-speaker\" data-id=\"efccad3\" data-element_type=\"widget\" data-e-type=\"widget\" data-settings=\"{&quot;ekit_we_effect_on&quot;:&quot;none&quot;}\" data-widget_type=\"exhibz-speaker.default\">\n\t\t\t\t<div class=\"elementor-widget-container\">\n\t\t\t\t\t\t\t\t\n\n\t\t\t\n\t\t\t\n\t\t\t            <section class=\"ts-speakers-style4 ts-speakers speaker-classic\">\n                <div class=\"ts-speaker\" style=\"--speaker-color: #25cd44\">\n                    <div class=\"speaker-img\">\n\t\t\t\t\t\t                            <img decoding=\"async\" src=\"https:\/\/guitarcz.com\/wp-content\/uploads\/2026\/07\/kasuba.png\"\n                                 alt=\"\">\n\t\t\t\t\t\t                        <a href=\"#popup_efccad32457\"\n                           class=\"view-speaker ts-image-popup\" data-effect=\"mfp-zoom-in\">\n                            <i class=\"icon icon-plus\"><\/i>\n                        <\/a>\n                        <!-- speaker social -->\n                        <div class=\"ts-speakers-social-4 ts-speakers-social\">\n\t\t\t\t\t\t\t\t\t\t\t\t\t\t\t\t\t\t\t\t\t\t                        <\/div>\n                        <!-- speaker social end -->\n                    <\/div>\n                    <div class=\"ts-speaker-info text-left\">\n                        <h3 class=\"ts-title\">\n                            <a href=\"https:\/\/guitarcz.com\/en\/speaker\/milan-kasuba\/\"> \n                                Milan Ka\u0161uba \n                            <\/a>\n                        <\/h3>\n                        <p>\n\t\t\t\t\t\t\tCzech Republic                        <\/p>\n                    <\/div>\n                    <!--- speaker info end -->\n                    <!-- popup start-->\n                    <div id=\"popup_efccad32457\"\n                         class=\"container ts-speaker-popup mfp-hide\">\n                        <div class=\"row\">\n                            <div class=\"col-lg-6\">\n                                <div class=\"ts-speaker-popup-img\">\n\t\t\t\t\t\t\t\t\t                                        <img decoding=\"async\" src=\"https:\/\/guitarcz.com\/wp-content\/uploads\/2026\/07\/kasuba.png\"\n                                             alt=\"\">\n\t\t\t\t\t\t\t\t\t                                <\/div>\n                            <\/div>\n                            <!-- col end-->\n                            <div class=\"col-lg-6\">\n                                <div class=\"ts-speaker-popup-content\">\n                                    <h3 class=\"ts-title\">\n                                        <a href=\"https:\/\/guitarcz.com\/en\/speaker\/milan-kasuba\/\"> Milan Ka\u0161uba <\/a>\n                                    <\/h3>\n                                    <span class=\"speakder-designation\"> Czech Republic<\/span>\n\t\t\t\t\t\t\t\t\t                                        <img decoding=\"async\" src=\"\"\n                                             alt=\"\">\n\t\t\t\t\t\t\t\t\t                                    <p class=\"translation-block\"><strong>Milan Ka\u0161uba<\/strong>, born on April 30, 1940, in Brno, studied the violin from his childhood. In 1962, he began playing jazz guitar professionally at the Ve\u010dern\u00ed Brno Theatre and performed with various groups, including the Brno Guitar Duo, which evolved into the jazz band \"Ornis\" in 1978. He later embarked on a solo career. He has recorded several albums and CDs with well-known artists (including Jarom\u00edr Nohavica) and is a two-time winner of the Krom\u011b\u0159\u00ed\u017e Jazz Festival. He has been teaching for over 20 years at the Primary Art School (ZU\u0160) in Mod\u0159ice and at the Jan\u00e1\u010dek Academy of Music and Performing Arts (JAMU) in Brno. <a href=\"https:\/\/www.fdb.cz\/lidi-zivotopis-biografie\/397926-milan-kasuba.html\" target=\"_blank\" rel=\"noopener\">https:\/\/www.fdb.cz\/lidi-zivotopis-biografie\/397926-milan-kasuba.html<\/a><\/p>\n                                    <div class=\"ts-speakers-social\">\n\t\t\t\t\t\t\t\t\t\t\t\t\t\t\t\t\t\t\t\t\t\t\t\t\t\t\t\t\t\t\t                                    <\/div>\n                                <\/div>\n                                <!-- ts-speaker-popup-content end-->\n                            <\/div>\n                            <!-- col end-->\n                        <\/div>\n                        <!-- row end-->\n                    <\/div>\n                    <!-- popup end-->\n                <\/div>\n            <\/section>\n            <!-- ts-speaker end  -->\n\t\t\n\n\t\t\t\t\t\t<\/div>\n\t\t\t\t<\/div>\n\t\t\t\t\t<\/div>\n\t\t<\/div>\n\t\t\t\t<div class=\"elementor-column elementor-col-20 elementor-top-column elementor-element elementor-element-fbcd7a7\" data-id=\"fbcd7a7\" data-element_type=\"column\" data-e-type=\"column\">\n\t\t\t<div class=\"elementor-widget-wrap\">\n\t\t\t\t\t\t\t<\/div>\n\t\t<\/div>\n\t\t\t\t\t<\/div>\n\t\t<\/section>\n\t\t\t\t<section class=\"elementor-section elementor-top-section elementor-element elementor-element-797bce3 elementor-section-boxed elementor-section-height-default elementor-section-height-default\" data-id=\"797bce3\" data-element_type=\"section\" data-e-type=\"section\" data-settings=\"{&quot;background_background&quot;:&quot;classic&quot;}\">\n\t\t\t\t\t\t\t<div class=\"elementor-background-overlay\"><\/div>\n\t\t\t\t\t\t\t<div class=\"elementor-container elementor-column-gap-default\">\n\t\t\t\t\t<div class=\"elementor-column elementor-col-50 elementor-top-column elementor-element elementor-element-57df601\" data-id=\"57df601\" data-element_type=\"column\" data-e-type=\"column\">\n\t\t\t<div class=\"elementor-widget-wrap elementor-element-populated\">\n\t\t\t\t\t\t<div class=\"elementor-element elementor-element-a864790 elementor-widget elementor-widget-exhibz-title\" data-id=\"a864790\" data-element_type=\"widget\" data-e-type=\"widget\" data-settings=\"{&quot;ekit_we_effect_on&quot;:&quot;none&quot;}\" data-widget_type=\"exhibz-title.default\">\n\t\t\t\t<div class=\"elementor-widget-container\">\n\t\t\t\t\t\n    <div class=\"title-section-area\">\n        <h2 class=\"section-title\">\n            <span class=\"sub-title\"><\/span>\n\t\t\t35TH INTERNATIONAL GUITAR FESTIVAL AND COURSES BRNO\u201926        <\/h2>\n\t\t                    <span class=\"title-shape\">\n                  <svg xmlns='http:\/\/www.w3.org\/2000\/svg' xmlns:xlink='http:\/\/www.w3.org\/1999\/xlink' width='71px' height='11px'> <path fill-rule='evenodd' d='M59.669,10.710 L49.164,3.306 L39.428,10.681 L29.714,3.322 L20.006,10.682 L10.295,3.322 L1.185,10.228 L-0.010,8.578 L10.295,0.765 L20.006,8.125 L29.714,0.765 L39.428,8.125 L49.122,0.781 L59.680,8.223 L69.858,1.192 L70.982,2.895 L59.669,10.710 Z'\/><\/svg>\n            <\/span>\n                    <\/div><!-- Section title -->\n    \n    \n\n    \t\t\t\t<\/div>\n\t\t\t\t<\/div>\n\t\t\t\t<div class=\"elementor-element elementor-element-0f4dee2 elementor-widget elementor-widget-text-editor\" data-id=\"0f4dee2\" data-element_type=\"widget\" data-e-type=\"widget\" data-settings=\"{&quot;ekit_we_effect_on&quot;:&quot;none&quot;}\" data-widget_type=\"text-editor.default\">\n\t\t\t\t<div class=\"elementor-widget-container\">\n\t\t\t\t\t\t\t\t\t<h4><span style=\"color: #000000;\"><strong>Bishop's Courtyard<\/strong><\/span><\/h4><p><span class=\"LrzXr\" style=\"color: #000000;\">Muzejn\u00ed 298, 602 00 Brno-st\u0159ed-Brno-m\u011bsto<\/span><\/p><h4><span style=\"color: #000000;\"><strong>New City Hall<\/strong><\/span><\/h4><p><span class=\"LrzXr\" style=\"color: #000000;\">Dominik\u00e1nsk\u00e9 n\u00e1m. 196\/1, 602 00 Brno-st\u0159ed<\/span><\/p><h4><strong>Town Hall (radnice) Brno<\/strong><\/h4><p><span style=\"color: #000000;\">Dominik\u00e1nsk\u00e1 2, 602 00 Brno-st\u0159ed\u00a0<\/span><\/p><h4><span style=\"color: #000000;\"><strong>The Red Church<br \/><\/strong><\/span><\/h4><p><span class=\"LrzXr\" style=\"color: #000000;\">Komensk\u00e9ho n\u00e1m. 2, 602 00 Brno-st\u0159ed<\/span><\/p><h4><strong>Theatre on Orl\u00ed Street 19<\/strong><\/h4><p><span style=\"color: #000000;\">Divadlo na Orl\u00ed 19, Brno<\/span><\/p><h4><strong>Moravsk\u00e9 muzeum<\/strong><\/h4><p><span style=\"color: #000000;\">Moravsk\u00e9 muzeum, Zeln\u00fd trh 8, Brno<\/span><\/p>\t\t\t\t\t\t\t\t<\/div>\n\t\t\t\t<\/div>\n\t\t\t\t\t<\/div>\n\t\t<\/div>\n\t\t\t\t<div class=\"elementor-column elementor-col-50 elementor-top-column elementor-element elementor-element-3d9970f ts-tab-map\" data-id=\"3d9970f\" data-element_type=\"column\" data-e-type=\"column\">\n\t\t\t<div class=\"elementor-widget-wrap elementor-element-populated\">\n\t\t\t\t\t\t<div class=\"elementor-element elementor-element-72e7974 elementor-widget elementor-widget-google_maps\" data-id=\"72e7974\" data-element_type=\"widget\" data-e-type=\"widget\" data-settings=\"{&quot;ekit_we_effect_on&quot;:&quot;none&quot;}\" data-widget_type=\"google_maps.default\">\n\t\t\t\t<div class=\"elementor-widget-container\">\n\t\t\t\t\t\t\t<div class=\"elementor-custom-embed\">\n\t\t\t<iframe loading=\"lazy\"\n\t\t\t\t\tsrc=\"https:\/\/maps.google.com\/maps?q=Muzejn%C3%AD%20298%2C%20602%2000%20Brno-st%C5%99ed-Brno-m%C4%9Bsto&#038;t=m&#038;z=14&#038;output=embed&#038;iwloc=near\"\n\t\t\t\t\ttitle=\"Muzejn\u00ed 298, 602 00 Brno-st\u0159ed-Brno-m\u011bsto\"\n\t\t\t\t\taria-label=\"Muzejn\u00ed 298, 602 00 Brno-st\u0159ed-Brno-m\u011bsto\"\n\t\t\t><\/iframe>\n\t\t<\/div>\n\t\t\t\t\t\t<\/div>\n\t\t\t\t<\/div>\n\t\t\t\t\t<\/div>\n\t\t<\/div>\n\t\t\t\t\t<\/div>\n\t\t<\/section>\n\t\t\t\t<\/div>","protected":false},"excerpt":{"rendered":"<p>35. Mezin\u00e1rodn\u00ed kytarov\u00fd festival a kurzy BRNO\u00b426 2. 8. &#8211; 8. 8. 2026 Brno, \u010cesk\u00e1 Republika August 2nd \u2013 8th, 2026 Koncerty P\u0159edprodej online Vstupenky na Ticketportal.cz \u2794 2.8 Ned\u011ble 3.8 Pond\u011bl\u00ed 4.8 \u00dater\u00fd 5.8 St\u0159eda 6.8 \u010ctvrtek 7.8 P\u00e1tek 8.8 Sobota 20:00, Biskupsk\u00fd dv\u016fr FLAMENCO DE ANDALUC\u00cdA &#8211; Raul Mannola, kytara, Aylin Bayaz, tanec [&hellip;]<\/p>\n","protected":false},"author":1,"featured_media":0,"parent":0,"menu_order":0,"comment_status":"closed","ping_status":"closed","template":"template\/homepage-template.php","meta":{"ngg_post_thumbnail":0,"footnotes":"","_links_to":"","_links_to_target":""},"class_list":["post-1939","page","type-page","status-publish","hentry"],"yoast_head":"<!-- This site is optimized with the Yoast SEO plugin v27.0 - https:\/\/yoast.com\/product\/yoast-seo-wordpress\/ -->\n<title>Mezin\u00e1rodn\u00ed kytarov\u00fd festival - Kytarov\u00fd Festival<\/title>\n<meta name=\"robots\" content=\"index, follow, max-snippet:-1, max-image-preview:large, max-video-preview:-1\" \/>\n<link rel=\"canonical\" href=\"https:\/\/guitarcz.com\/en\/\" \/>\n<meta property=\"og:locale\" content=\"en_GB\" \/>\n<meta property=\"og:type\" content=\"article\" \/>\n<meta property=\"og:title\" content=\"Mezin\u00e1rodn\u00ed kytarov\u00fd festival - Kytarov\u00fd Festival\" \/>\n<meta property=\"og:description\" content=\"35. Mezin\u00e1rodn\u00ed kytarov\u00fd festival a kurzy BRNO\u00b426 2. 8. &#8211; 8. 8. 2026 Brno, \u010cesk\u00e1 Republika August 2nd \u2013 8th, 2026 Koncerty P\u0159edprodej online Vstupenky na Ticketportal.cz \u2794 2.8 Ned\u011ble 3.8 Pond\u011bl\u00ed 4.8 \u00dater\u00fd 5.8 St\u0159eda 6.8 \u010ctvrtek 7.8 P\u00e1tek 8.8 Sobota 20:00, Biskupsk\u00fd dv\u016fr FLAMENCO DE ANDALUC\u00cdA &#8211; Raul Mannola, kytara, Aylin Bayaz, tanec [&hellip;]\" \/>\n<meta property=\"og:url\" content=\"https:\/\/guitarcz.com\/en\/\" \/>\n<meta property=\"og:site_name\" content=\"Kytarov\u00fd Festival\" \/>\n<meta property=\"article:modified_time\" content=\"2026-07-10T21:44:45+00:00\" \/>\n<meta property=\"og:image\" content=\"https:\/\/guitarcz.com\/wp-content\/uploads\/2019\/09\/text_elements4.png\" \/>\n\t<meta property=\"og:image:width\" content=\"70\" \/>\n\t<meta property=\"og:image:height\" content=\"45\" \/>\n\t<meta property=\"og:image:type\" content=\"image\/png\" \/>\n<meta name=\"twitter:card\" content=\"summary_large_image\" \/>\n<meta name=\"twitter:label1\" content=\"Estimated reading time\" \/>\n\t<meta name=\"twitter:data1\" content=\"28 minutes\" \/>\n<script type=\"application\/ld+json\" class=\"yoast-schema-graph\">{\"@context\":\"https:\/\/schema.org\",\"@graph\":[{\"@type\":\"WebPage\",\"@id\":\"https:\/\/guitarcz.com\/\",\"url\":\"https:\/\/guitarcz.com\/\",\"name\":\"Mezin\u00e1rodn\u00ed kytarov\u00fd festival - Kytarov\u00fd Festival\",\"isPartOf\":{\"@id\":\"https:\/\/guitarcz.com\/#website\"},\"primaryImageOfPage\":{\"@id\":\"https:\/\/guitarcz.com\/#primaryimage\"},\"image\":{\"@id\":\"https:\/\/guitarcz.com\/#primaryimage\"},\"thumbnailUrl\":\"https:\/\/guitarcz.com\/wp-content\/uploads\/2019\/09\/text_elements4.png\",\"datePublished\":\"2019-09-23T06:34:37+00:00\",\"dateModified\":\"2026-07-10T21:44:45+00:00\",\"breadcrumb\":{\"@id\":\"https:\/\/guitarcz.com\/#breadcrumb\"},\"inLanguage\":\"en-GB\",\"potentialAction\":[{\"@type\":\"ReadAction\",\"target\":[\"https:\/\/guitarcz.com\/\"]}]},{\"@type\":\"ImageObject\",\"inLanguage\":\"en-GB\",\"@id\":\"https:\/\/guitarcz.com\/#primaryimage\",\"url\":\"https:\/\/guitarcz.com\/wp-content\/uploads\/2019\/09\/text_elements4.png\",\"contentUrl\":\"https:\/\/guitarcz.com\/wp-content\/uploads\/2019\/09\/text_elements4.png\"},{\"@type\":\"BreadcrumbList\",\"@id\":\"https:\/\/guitarcz.com\/#breadcrumb\",\"itemListElement\":[{\"@type\":\"ListItem\",\"position\":1,\"name\":\"Dom\u016f\",\"item\":\"https:\/\/guitarcz.com\/\"},{\"@type\":\"ListItem\",\"position\":2,\"name\":\"Mezin\u00e1rodn\u00ed kytarov\u00fd festival\"}]},{\"@type\":\"WebSite\",\"@id\":\"https:\/\/guitarcz.com\/#website\",\"url\":\"https:\/\/guitarcz.com\/\",\"name\":\"Kytarov\u00fd Festival\",\"description\":\"Mezin\u00e1rodn\u00ed Kytarov\u00fd Festival A Kurzy\",\"potentialAction\":[{\"@type\":\"SearchAction\",\"target\":{\"@type\":\"EntryPoint\",\"urlTemplate\":\"https:\/\/guitarcz.com\/?s={search_term_string}\"},\"query-input\":{\"@type\":\"PropertyValueSpecification\",\"valueRequired\":true,\"valueName\":\"search_term_string\"}}],\"inLanguage\":\"en-GB\"}]}<\/script>\n<!-- \/ Yoast SEO plugin. -->","yoast_head_json":{"title":"Mezin\u00e1rodn\u00ed kytarov\u00fd festival - Kytarov\u00fd Festival","robots":{"index":"index","follow":"follow","max-snippet":"max-snippet:-1","max-image-preview":"max-image-preview:large","max-video-preview":"max-video-preview:-1"},"canonical":"https:\/\/guitarcz.com\/en\/","og_locale":"en_GB","og_type":"article","og_title":"Mezin\u00e1rodn\u00ed kytarov\u00fd festival - Kytarov\u00fd Festival","og_description":"35. Mezin\u00e1rodn\u00ed kytarov\u00fd festival a kurzy BRNO\u00b426 2. 8. &#8211; 8. 8. 2026 Brno, \u010cesk\u00e1 Republika August 2nd \u2013 8th, 2026 Koncerty P\u0159edprodej online Vstupenky na Ticketportal.cz \u2794 2.8 Ned\u011ble 3.8 Pond\u011bl\u00ed 4.8 \u00dater\u00fd 5.8 St\u0159eda 6.8 \u010ctvrtek 7.8 P\u00e1tek 8.8 Sobota 20:00, Biskupsk\u00fd dv\u016fr FLAMENCO DE ANDALUC\u00cdA &#8211; Raul Mannola, kytara, Aylin Bayaz, tanec [&hellip;]","og_url":"https:\/\/guitarcz.com\/en\/","og_site_name":"Kytarov\u00fd Festival","article_modified_time":"2026-07-10T21:44:45+00:00","og_image":[{"width":70,"height":45,"url":"https:\/\/guitarcz.com\/wp-content\/uploads\/2019\/09\/text_elements4.png","type":"image\/png"}],"twitter_card":"summary_large_image","twitter_misc":{"Estimated reading time":"28 minutes"},"schema":{"@context":"https:\/\/schema.org","@graph":[{"@type":"WebPage","@id":"https:\/\/guitarcz.com\/","url":"https:\/\/guitarcz.com\/","name":"Mezin\u00e1rodn\u00ed kytarov\u00fd festival - Kytarov\u00fd Festival","isPartOf":{"@id":"https:\/\/guitarcz.com\/#website"},"primaryImageOfPage":{"@id":"https:\/\/guitarcz.com\/#primaryimage"},"image":{"@id":"https:\/\/guitarcz.com\/#primaryimage"},"thumbnailUrl":"https:\/\/guitarcz.com\/wp-content\/uploads\/2019\/09\/text_elements4.png","datePublished":"2019-09-23T06:34:37+00:00","dateModified":"2026-07-10T21:44:45+00:00","breadcrumb":{"@id":"https:\/\/guitarcz.com\/#breadcrumb"},"inLanguage":"en-GB","potentialAction":[{"@type":"ReadAction","target":["https:\/\/guitarcz.com\/"]}]},{"@type":"ImageObject","inLanguage":"en-GB","@id":"https:\/\/guitarcz.com\/#primaryimage","url":"https:\/\/guitarcz.com\/wp-content\/uploads\/2019\/09\/text_elements4.png","contentUrl":"https:\/\/guitarcz.com\/wp-content\/uploads\/2019\/09\/text_elements4.png"},{"@type":"BreadcrumbList","@id":"https:\/\/guitarcz.com\/#breadcrumb","itemListElement":[{"@type":"ListItem","position":1,"name":"Dom\u016f","item":"https:\/\/guitarcz.com\/"},{"@type":"ListItem","position":2,"name":"Mezin\u00e1rodn\u00ed kytarov\u00fd festival"}]},{"@type":"WebSite","@id":"https:\/\/guitarcz.com\/#website","url":"https:\/\/guitarcz.com\/","name":"Kytarov\u00fd Festival","description":"Mezin\u00e1rodn\u00ed Kytarov\u00fd Festival A Kurzy","potentialAction":[{"@type":"SearchAction","target":{"@type":"EntryPoint","urlTemplate":"https:\/\/guitarcz.com\/?s={search_term_string}"},"query-input":{"@type":"PropertyValueSpecification","valueRequired":true,"valueName":"search_term_string"}}],"inLanguage":"en-GB"}]}},"_links":{"self":[{"href":"https:\/\/guitarcz.com\/en\/wp-json\/wp\/v2\/pages\/1939","targetHints":{"allow":["GET"]}}],"collection":[{"href":"https:\/\/guitarcz.com\/en\/wp-json\/wp\/v2\/pages"}],"about":[{"href":"https:\/\/guitarcz.com\/en\/wp-json\/wp\/v2\/types\/page"}],"author":[{"embeddable":true,"href":"https:\/\/guitarcz.com\/en\/wp-json\/wp\/v2\/users\/1"}],"replies":[{"embeddable":true,"href":"https:\/\/guitarcz.com\/en\/wp-json\/wp\/v2\/comments?post=1939"}],"version-history":[{"count":781,"href":"https:\/\/guitarcz.com\/en\/wp-json\/wp\/v2\/pages\/1939\/revisions"}],"predecessor-version":[{"id":5257,"href":"https:\/\/guitarcz.com\/en\/wp-json\/wp\/v2\/pages\/1939\/revisions\/5257"}],"wp:attachment":[{"href":"https:\/\/guitarcz.com\/en\/wp-json\/wp\/v2\/media?parent=1939"}],"curies":[{"name":"wp","href":"https:\/\/api.w.org\/{rel}","templated":true}]}}